{"id":13,"date":"2020-08-25T16:43:46","date_gmt":"2020-08-25T16:43:46","guid":{"rendered":"https:\/\/digimittelschule2badgoisern.at\/?page_id=13"},"modified":"2021-01-26T08:11:29","modified_gmt":"2021-01-26T08:11:29","slug":"wir-sind-expert","status":"publish","type":"page","link":"https:\/\/digimittelschule2badgoisern.at\/?page_id=13","title":{"rendered":"Expert.Schule"},"content":{"rendered":"\t\t<div data-elementor-type=\"wp-page\" data-elementor-id=\"13\" class=\"elementor elementor-13\" data-elementor-post-type=\"page\">\n\t\t\t\t\t\t<section class=\"elementor-section elementor-top-section elementor-element elementor-element-b06c557 elementor-section-boxed elementor-section-height-default elementor-section-height-default\" data-id=\"b06c557\" data-element_type=\"section\">\n\t\t\t\t\t\t<div class=\"elementor-container elementor-column-gap-default\">\n\t\t\t\t\t<div class=\"elementor-column elementor-col-100 elementor-top-column elementor-element elementor-element-4d1e70b\" data-id=\"4d1e70b\" data-element_type=\"column\">\n\t\t\t<div class=\"elementor-widget-wrap elementor-element-populated\">\n\t\t\t\t\t\t<div class=\"elementor-element elementor-element-5bad624 elementor-widget elementor-widget-text-editor\" data-id=\"5bad624\" data-element_type=\"widget\" data-widget_type=\"text-editor.default\">\n\t\t\t\t<div class=\"elementor-widget-container\">\n\t\t\t\t\t\t\t<p><span style=\"color: #000000;\"><b>Wir sind Expert<\/b><\/span><\/p><p><span style=\"color: #000000;\">Die Initiative \u201eeEducation Austria\u201c des Bundesministeriums f\u00fcr Bildung f\u00f6rdert den <b>Erwerb von digitalen und informatischen Kompetenzen<\/b> an \u00f6sterreichischen Schulen. Im Mittelpunkt steht der sinnvolle Einsatz von digitalen Medien im Unterricht.<\/span><\/p><p><span style=\"color: #000000;\">Schulen, die in vielen Bereichen \u00fcber <b>ausgezeichnete digitale Kompetenzen<\/b> verf\u00fcgen, werden als Expert.Schule auf dieser Plattform ausgewiesen.<\/span><\/p><p><span style=\"color: #000000;\">\u201eWir sind sehr stolz darauf, dass wir nun auch ganz offiziell als Expert.Schule angef\u00fchrt werden\u201c, so Direktorin Mag. Brigitte Atzmanstorfer. \u201eF\u00fcr unseren Erfolg sind sehr viele Aktivit\u00e4ten entscheidend. Dazu geh\u00f6ren die Lehrerfortbildung im Bereich der digitalen Medien, die Kenntnis der neuen Unterrichtsmethoden sowie der Einsatz von Lernplattformen und\u00a0 mobilen Ger\u00e4ten (iPads und Smartphones) im Unterricht.&#8220;<\/span><\/p><p><span style=\"color: #000000;\">In der digi MS 2 Bad Goisern werden diese notwendigen Kompetenzen erfolgreich umgesetzt und die Sch\u00fclerinnen und Sch\u00fcler effektiv darauf vorbereitet, digitale Technologien sp\u00e4ter im Studium und am Arbeitsplatz kompetent zu n\u00fctzen.<\/span><\/p>\t\t\t\t\t\t<\/div>\n\t\t\t\t<\/div>\n\t\t\t\t\t<\/div>\n\t\t<\/div>\n\t\t\t\t\t<\/div>\n\t\t<\/section>\n\t\t\t\t<section class=\"elementor-section elementor-top-section elementor-element elementor-element-8a3b797 elementor-section-boxed elementor-section-height-default elementor-section-height-default\" data-id=\"8a3b797\" data-element_type=\"section\">\n\t\t\t\t\t\t<div class=\"elementor-container elementor-column-gap-default\">\n\t\t\t\t\t<div class=\"elementor-column elementor-col-100 elementor-top-column elementor-element elementor-element-477c65d\" data-id=\"477c65d\" data-element_type=\"column\">\n\t\t\t<div class=\"elementor-widget-wrap elementor-element-populated\">\n\t\t\t\t\t\t<div class=\"elementor-element elementor-element-1a2fbba elementor-widget elementor-widget-gallery\" data-id=\"1a2fbba\" data-element_type=\"widget\" data-settings=\"{&quot;gap&quot;:{&quot;unit&quot;:&quot;px&quot;,&quot;size&quot;:20,&quot;sizes&quot;:[]},&quot;lazyload&quot;:&quot;yes&quot;,&quot;gallery_layout&quot;:&quot;grid&quot;,&quot;columns&quot;:4,&quot;columns_tablet&quot;:2,&quot;columns_mobile&quot;:1,&quot;gap_tablet&quot;:{&quot;unit&quot;:&quot;px&quot;,&quot;size&quot;:10,&quot;sizes&quot;:[]},&quot;gap_mobile&quot;:{&quot;unit&quot;:&quot;px&quot;,&quot;size&quot;:10,&quot;sizes&quot;:[]},&quot;link_to&quot;:&quot;file&quot;,&quot;aspect_ratio&quot;:&quot;3:2&quot;,&quot;overlay_background&quot;:&quot;yes&quot;,&quot;content_hover_animation&quot;:&quot;fade-in&quot;}\" data-widget_type=\"gallery.default\">\n\t\t\t\t<div class=\"elementor-widget-container\">\n\t\t\t\t\t<div class=\"elementor-gallery__container\">\n\t\t\t\t\t\t\t<a class=\"e-gallery-item elementor-gallery-item elementor-animated-content\" href=\"https:\/\/digimittelschule2badgoisern.at\/wp-content\/uploads\/2020\/09\/Kopie-von-code_org_1a1-scaled.jpg\" data-elementor-open-lightbox=\"yes\" data-elementor-lightbox-slideshow=\"1a2fbba\" data-e-action-hash=\"#elementor-action%3Aaction%3Dlightbox%26settings%3DeyJpZCI6MjkxLCJ1cmwiOiJodHRwczpcL1wvZGlnaW1pdHRlbHNjaHVsZTJiYWRnb2lzZXJuLmF0XC93cC1jb250ZW50XC91cGxvYWRzXC8yMDIwXC8wOVwvS29waWUtdm9uLWNvZGVfb3JnXzFhMS1zY2FsZWQuanBnIiwic2xpZGVzaG93IjoiMWEyZmJiYSJ9\">\n\t\t\t\t\t<div class=\"e-gallery-image elementor-gallery-item__image\" data-thumbnail=\"https:\/\/digimittelschule2badgoisern.at\/wp-content\/uploads\/2020\/09\/Kopie-von-code_org_1a1-300x270.jpg\" data-width=\"300\" data-height=\"270\" aria-label=\"\" role=\"img\" ><\/div>\n\t\t\t\t\t\t\t\t\t\t\t<div class=\"elementor-gallery-item__overlay\"><\/div>\n\t\t\t\t\t\t\t\t\t\t\t\t\t\t<\/a>\n\t\t\t\t\t\t\t<a class=\"e-gallery-item elementor-gallery-item elementor-animated-content\" href=\"https:\/\/digimittelschule2badgoisern.at\/wp-content\/uploads\/2020\/09\/Kopie-von-code_1b-scaled.jpg\" data-elementor-open-lightbox=\"yes\" data-elementor-lightbox-slideshow=\"1a2fbba\" data-e-action-hash=\"#elementor-action%3Aaction%3Dlightbox%26settings%3DeyJpZCI6MjkwLCJ1cmwiOiJodHRwczpcL1wvZGlnaW1pdHRlbHNjaHVsZTJiYWRnb2lzZXJuLmF0XC93cC1jb250ZW50XC91cGxvYWRzXC8yMDIwXC8wOVwvS29waWUtdm9uLWNvZGVfMWItc2NhbGVkLmpwZyIsInNsaWRlc2hvdyI6IjFhMmZiYmEifQ%3D%3D\">\n\t\t\t\t\t<div class=\"e-gallery-image elementor-gallery-item__image\" data-thumbnail=\"https:\/\/digimittelschule2badgoisern.at\/wp-content\/uploads\/2020\/09\/Kopie-von-code_1b-300x225.jpg\" data-width=\"300\" data-height=\"225\" aria-label=\"\" role=\"img\" ><\/div>\n\t\t\t\t\t\t\t\t\t\t\t<div class=\"elementor-gallery-item__overlay\"><\/div>\n\t\t\t\t\t\t\t\t\t\t\t\t\t\t<\/a>\n\t\t\t\t\t\t\t<a class=\"e-gallery-item elementor-gallery-item elementor-animated-content\" href=\"https:\/\/digimittelschule2badgoisern.at\/wp-content\/uploads\/2020\/09\/IMG_1506-scaled.jpg\" data-elementor-open-lightbox=\"yes\" data-elementor-lightbox-slideshow=\"1a2fbba\" data-e-action-hash=\"#elementor-action%3Aaction%3Dlightbox%26settings%3DeyJpZCI6Mjg5LCJ1cmwiOiJodHRwczpcL1wvZGlnaW1pdHRlbHNjaHVsZTJiYWRnb2lzZXJuLmF0XC93cC1jb250ZW50XC91cGxvYWRzXC8yMDIwXC8wOVwvSU1HXzE1MDYtc2NhbGVkLmpwZyIsInNsaWRlc2hvdyI6IjFhMmZiYmEifQ%3D%3D\">\n\t\t\t\t\t<div class=\"e-gallery-image elementor-gallery-item__image\" data-thumbnail=\"https:\/\/digimittelschule2badgoisern.at\/wp-content\/uploads\/2020\/09\/IMG_1506-300x214.jpg\" data-width=\"300\" data-height=\"214\" aria-label=\"\" role=\"img\" ><\/div>\n\t\t\t\t\t\t\t\t\t\t\t<div class=\"elementor-gallery-item__overlay\"><\/div>\n\t\t\t\t\t\t\t\t\t\t\t\t\t\t<\/a>\n\t\t\t\t\t\t\t<a class=\"e-gallery-item elementor-gallery-item elementor-animated-content\" href=\"https:\/\/digimittelschule2badgoisern.at\/wp-content\/uploads\/2020\/09\/IMG_1134-scaled.jpg\" data-elementor-open-lightbox=\"yes\" data-elementor-lightbox-slideshow=\"1a2fbba\" data-e-action-hash=\"#elementor-action%3Aaction%3Dlightbox%26settings%3DeyJpZCI6Mjg4LCJ1cmwiOiJodHRwczpcL1wvZGlnaW1pdHRlbHNjaHVsZTJiYWRnb2lzZXJuLmF0XC93cC1jb250ZW50XC91cGxvYWRzXC8yMDIwXC8wOVwvSU1HXzExMzQtc2NhbGVkLmpwZyIsInNsaWRlc2hvdyI6IjFhMmZiYmEifQ%3D%3D\">\n\t\t\t\t\t<div class=\"e-gallery-image elementor-gallery-item__image\" data-thumbnail=\"https:\/\/digimittelschule2badgoisern.at\/wp-content\/uploads\/2020\/09\/IMG_1134-300x225.jpg\" data-width=\"300\" data-height=\"225\" aria-label=\"\" role=\"img\" ><\/div>\n\t\t\t\t\t\t\t\t\t\t\t<div class=\"elementor-gallery-item__overlay\"><\/div>\n\t\t\t\t\t\t\t\t\t\t\t\t\t\t<\/a>\n\t\t\t\t\t\t\t<a class=\"e-gallery-item elementor-gallery-item elementor-animated-content\" href=\"https:\/\/digimittelschule2badgoisern.at\/wp-content\/uploads\/2020\/09\/Future_lab_Ischl2-scaled.jpg\" data-elementor-open-lightbox=\"yes\" data-elementor-lightbox-slideshow=\"1a2fbba\" data-e-action-hash=\"#elementor-action%3Aaction%3Dlightbox%26settings%3DeyJpZCI6Mjg3LCJ1cmwiOiJodHRwczpcL1wvZGlnaW1pdHRlbHNjaHVsZTJiYWRnb2lzZXJuLmF0XC93cC1jb250ZW50XC91cGxvYWRzXC8yMDIwXC8wOVwvRnV0dXJlX2xhYl9Jc2NobDItc2NhbGVkLmpwZyIsInNsaWRlc2hvdyI6IjFhMmZiYmEifQ%3D%3D\">\n\t\t\t\t\t<div class=\"e-gallery-image elementor-gallery-item__image\" data-thumbnail=\"https:\/\/digimittelschule2badgoisern.at\/wp-content\/uploads\/2020\/09\/Future_lab_Ischl2-300x225.jpg\" data-width=\"300\" data-height=\"225\" aria-label=\"\" role=\"img\" ><\/div>\n\t\t\t\t\t\t\t\t\t\t\t<div class=\"elementor-gallery-item__overlay\"><\/div>\n\t\t\t\t\t\t\t\t\t\t\t\t\t\t<\/a>\n\t\t\t\t\t\t\t<a class=\"e-gallery-item elementor-gallery-item elementor-animated-content\" href=\"https:\/\/digimittelschule2badgoisern.at\/wp-content\/uploads\/2020\/09\/member-und-expertschule.png\" data-elementor-open-lightbox=\"yes\" data-elementor-lightbox-slideshow=\"1a2fbba\" data-e-action-hash=\"#elementor-action%3Aaction%3Dlightbox%26settings%3DeyJpZCI6Mjg0LCJ1cmwiOiJodHRwczpcL1wvZGlnaW1pdHRlbHNjaHVsZTJiYWRnb2lzZXJuLmF0XC93cC1jb250ZW50XC91cGxvYWRzXC8yMDIwXC8wOVwvbWVtYmVyLXVuZC1leHBlcnRzY2h1bGUucG5nIiwic2xpZGVzaG93IjoiMWEyZmJiYSJ9\">\n\t\t\t\t\t<div class=\"e-gallery-image elementor-gallery-item__image\" data-thumbnail=\"https:\/\/digimittelschule2badgoisern.at\/wp-content\/uploads\/2020\/09\/member-und-expertschule-289x300.png\" data-width=\"289\" data-height=\"300\" aria-label=\"\" role=\"img\" ><\/div>\n\t\t\t\t\t\t\t\t\t\t\t<div class=\"elementor-gallery-item__overlay\"><\/div>\n\t\t\t\t\t\t\t\t\t\t\t\t\t\t<\/a>\n\t\t\t\t\t<\/div>\n\t\t\t<\/div>\n\t\t\t\t<\/div>\n\t\t\t\t\t<\/div>\n\t\t<\/div>\n\t\t\t\t\t<\/div>\n\t\t<\/section>\n\t\t\t\t<\/div>\n\t\t","protected":false},"excerpt":{"rendered":"<p>Wir sind Expert Die Initiative \u201eeEducation Austria\u201c des Bundesministeriums f\u00fcr Bildung f\u00f6rdert den Erwerb von digitalen und informatischen Kompetenzen an \u00f6sterreichischen Schulen. Im Mittelpunkt steht der sinnvolle Einsatz von digitalen Medien im Unterricht. Schulen, die in vielen Bereichen \u00fcber ausgezeichnete digitale Kompetenzen verf\u00fcgen, werden als Expert.Schule auf dieser Plattform ausgewiesen. \u201eWir sind sehr stolz darauf, [&hellip;]<\/p>\n","protected":false},"author":1,"featured_media":0,"parent":0,"menu_order":0,"comment_status":"closed","ping_status":"closed","template":"","meta":{"ocean_post_layout":"","ocean_both_sidebars_style":"","ocean_both_sidebars_content_width":0,"ocean_both_sidebars_sidebars_width":0,"ocean_sidebar":"0","ocean_second_sidebar":"0","ocean_disable_margins":"enable","ocean_add_body_class":"","ocean_shortcode_before_top_bar":"","ocean_shortcode_after_top_bar":"","ocean_shortcode_before_header":"","ocean_shortcode_after_header":"","ocean_has_shortcode":"","ocean_shortcode_after_title":"","ocean_shortcode_before_footer_widgets":"","ocean_shortcode_after_footer_widgets":"","ocean_shortcode_before_footer_bottom":"","ocean_shortcode_after_footer_bottom":"","ocean_display_top_bar":"default","ocean_display_header":"default","ocean_header_style":"","ocean_center_header_left_menu":"0","ocean_custom_header_template":"0","ocean_custom_logo":0,"ocean_custom_retina_logo":0,"ocean_custom_logo_max_width":0,"ocean_custom_logo_tablet_max_width":0,"ocean_custom_logo_mobile_max_width":0,"ocean_custom_logo_max_height":0,"ocean_custom_logo_tablet_max_height":0,"ocean_custom_logo_mobile_max_height":0,"ocean_header_custom_menu":"0","ocean_menu_typo_font_family":"0","ocean_menu_typo_font_subset":"","ocean_menu_typo_font_size":0,"ocean_menu_typo_font_size_tablet":0,"ocean_menu_typo_font_size_mobile":0,"ocean_menu_typo_font_size_unit":"px","ocean_menu_typo_font_weight":"","ocean_menu_typo_font_weight_tablet":"","ocean_menu_typo_font_weight_mobile":"","ocean_menu_typo_transform":"","ocean_menu_typo_transform_tablet":"","ocean_menu_typo_transform_mobile":"","ocean_menu_typo_line_height":0,"ocean_menu_typo_line_height_tablet":0,"ocean_menu_typo_line_height_mobile":0,"ocean_menu_typo_line_height_unit":"","ocean_menu_typo_spacing":0,"ocean_menu_typo_spacing_tablet":0,"ocean_menu_typo_spacing_mobile":0,"ocean_menu_typo_spacing_unit":"","ocean_menu_link_color":"","ocean_menu_link_color_hover":"","ocean_menu_link_color_active":"","ocean_menu_link_background":"","ocean_menu_link_hover_background":"","ocean_menu_link_active_background":"","ocean_menu_social_links_bg":"","ocean_menu_social_hover_links_bg":"","ocean_menu_social_links_color":"","ocean_menu_social_hover_links_color":"","ocean_disable_title":"default","ocean_disable_heading":"default","ocean_post_title":"","ocean_post_subheading":"","ocean_post_title_style":"","ocean_post_title_background_color":"","ocean_post_title_background":0,"ocean_post_title_bg_image_position":"","ocean_post_title_bg_image_attachment":"","ocean_post_title_bg_image_repeat":"","ocean_post_title_bg_image_size":"","ocean_post_title_height":0,"ocean_post_title_bg_overlay":0.5,"ocean_post_title_bg_overlay_color":"","ocean_disable_breadcrumbs":"default","ocean_breadcrumbs_color":"","ocean_breadcrumbs_separator_color":"","ocean_breadcrumbs_links_color":"","ocean_breadcrumbs_links_hover_color":"","ocean_display_footer_widgets":"default","ocean_display_footer_bottom":"default","ocean_custom_footer_template":"0","footnotes":""},"class_list":["post-13","page","type-page","status-publish","hentry","entry"],"_links":{"self":[{"href":"https:\/\/digimittelschule2badgoisern.at\/index.php?rest_route=\/wp\/v2\/pages\/13","targetHints":{"allow":["GET"]}}],"collection":[{"href":"https:\/\/digimittelschule2badgoisern.at\/index.php?rest_route=\/wp\/v2\/pages"}],"about":[{"href":"https:\/\/digimittelschule2badgoisern.at\/index.php?rest_route=\/wp\/v2\/types\/page"}],"author":[{"embeddable":true,"href":"https:\/\/digimittelschule2badgoisern.at\/index.php?rest_route=\/wp\/v2\/users\/1"}],"replies":[{"embeddable":true,"href":"https:\/\/digimittelschule2badgoisern.at\/index.php?rest_route=%2Fwp%2Fv2%2Fcomments&post=13"}],"version-history":[{"count":30,"href":"https:\/\/digimittelschule2badgoisern.at\/index.php?rest_route=\/wp\/v2\/pages\/13\/revisions"}],"predecessor-version":[{"id":2472,"href":"https:\/\/digimittelschule2badgoisern.at\/index.php?rest_route=\/wp\/v2\/pages\/13\/revisions\/2472"}],"wp:attachment":[{"href":"https:\/\/digimittelschule2badgoisern.at\/index.php?rest_route=%2Fwp%2Fv2%2Fmedia&parent=13"}],"curies":[{"name":"wp","href":"https:\/\/api.w.org\/{rel}","templated":true}]}}