{"id":29,"date":"2020-08-25T16:47:08","date_gmt":"2020-08-25T16:47:08","guid":{"rendered":"https:\/\/digimittelschule2badgoisern.at\/?page_id=29"},"modified":"2026-03-09T06:55:19","modified_gmt":"2026-03-09T06:55:19","slug":"team","status":"publish","type":"page","link":"https:\/\/digimittelschule2badgoisern.at\/?page_id=29","title":{"rendered":"Team"},"content":{"rendered":"\t\t<div data-elementor-type=\"wp-page\" data-elementor-id=\"29\" class=\"elementor elementor-29\" data-elementor-post-type=\"page\">\n\t\t\t\t\t\t<section class=\"elementor-section elementor-top-section elementor-element elementor-element-4633e0e elementor-section-boxed elementor-section-height-default elementor-section-height-default\" data-id=\"4633e0e\" data-element_type=\"section\" data-settings=\"{&quot;background_background&quot;:&quot;classic&quot;}\">\n\t\t\t\t\t\t<div class=\"elementor-container elementor-column-gap-default\">\n\t\t\t\t\t<div class=\"elementor-column elementor-col-100 elementor-top-column elementor-element elementor-element-12dcc6e\" data-id=\"12dcc6e\" data-element_type=\"column\">\n\t\t\t<div class=\"elementor-widget-wrap elementor-element-populated\">\n\t\t\t\t\t\t<div class=\"elementor-element elementor-element-cf9934d elementor-widget elementor-widget-spacer\" data-id=\"cf9934d\" data-element_type=\"widget\" data-widget_type=\"spacer.default\">\n\t\t\t\t<div class=\"elementor-widget-container\">\n\t\t\t\t\t<div class=\"elementor-spacer\">\n\t\t\t<div class=\"elementor-spacer-inner\"><\/div>\n\t\t<\/div>\n\t\t\t\t<\/div>\n\t\t\t\t<\/div>\n\t\t\t\t<div class=\"elementor-element elementor-element-ec9ee60 elementor-widget elementor-widget-image\" data-id=\"ec9ee60\" data-element_type=\"widget\" data-widget_type=\"image.default\">\n\t\t\t\t<div class=\"elementor-widget-container\">\n\t\t\t\t\t\t\t\t\t\t\t\t\t<img fetchpriority=\"high\" decoding=\"async\" width=\"768\" height=\"525\" src=\"https:\/\/digimittelschule2badgoisern.at\/wp-content\/uploads\/2025\/11\/Lehrer-768x525.jpg\" class=\"attachment-medium_large size-medium_large wp-image-6925\" alt=\"\" srcset=\"https:\/\/digimittelschule2badgoisern.at\/wp-content\/uploads\/2025\/11\/Lehrer-768x525.jpg 768w, https:\/\/digimittelschule2badgoisern.at\/wp-content\/uploads\/2025\/11\/Lehrer-300x205.jpg 300w, https:\/\/digimittelschule2badgoisern.at\/wp-content\/uploads\/2025\/11\/Lehrer-1024x700.jpg 1024w, https:\/\/digimittelschule2badgoisern.at\/wp-content\/uploads\/2025\/11\/Lehrer-1536x1051.jpg 1536w, https:\/\/digimittelschule2badgoisern.at\/wp-content\/uploads\/2025\/11\/Lehrer-2048x1401.jpg 2048w\" sizes=\"(max-width: 768px) 100vw, 768px\" \/>\t\t\t\t\t\t\t\t\t\t\t\t\t<\/div>\n\t\t\t\t<\/div>\n\t\t\t\t<div class=\"elementor-element elementor-element-31ad272 elementor-widget elementor-widget-spacer\" data-id=\"31ad272\" data-element_type=\"widget\" data-widget_type=\"spacer.default\">\n\t\t\t\t<div class=\"elementor-widget-container\">\n\t\t\t\t\t<div class=\"elementor-spacer\">\n\t\t\t<div class=\"elementor-spacer-inner\"><\/div>\n\t\t<\/div>\n\t\t\t\t<\/div>\n\t\t\t\t<\/div>\n\t\t\t\t\t<\/div>\n\t\t<\/div>\n\t\t\t\t\t<\/div>\n\t\t<\/section>\n\t\t\t\t<section class=\"elementor-section elementor-top-section elementor-element elementor-element-c6ed29f elementor-section-boxed elementor-section-height-default elementor-section-height-default\" data-id=\"c6ed29f\" data-element_type=\"section\">\n\t\t\t\t\t\t<div class=\"elementor-container elementor-column-gap-default\">\n\t\t\t\t\t<div class=\"elementor-column elementor-col-100 elementor-top-column elementor-element elementor-element-df32fe5\" data-id=\"df32fe5\" data-element_type=\"column\">\n\t\t\t<div class=\"elementor-widget-wrap elementor-element-populated\">\n\t\t\t\t\t\t<div class=\"elementor-element elementor-element-c43b092 gallery-spacing-custom elementor-widget elementor-widget-image-gallery\" data-id=\"c43b092\" data-element_type=\"widget\" data-settings=\"{&quot;_animation&quot;:&quot;none&quot;}\" data-widget_type=\"image-gallery.default\">\n\t\t\t\t<div class=\"elementor-widget-container\">\n\t\t\t\t\t<div class=\"elementor-image-gallery\">\n\t\t\t<div id='gallery-1' class='gallery galleryid-29 gallery-columns-3 gallery-size-medium'><figure class='gallery-item'>\n\t\t\t<div class='gallery-icon portrait'>\n\t\t\t\t<a data-elementor-open-lightbox=\"yes\" data-elementor-lightbox-slideshow=\"c43b092\" data-elementor-lightbox-title=\"ATBR\" data-e-action-hash=\"#elementor-action%3Aaction%3Dlightbox%26settings%3DeyJpZCI6NjkxOSwidXJsIjoiaHR0cHM6XC9cL2RpZ2ltaXR0ZWxzY2h1bGUyYmFkZ29pc2Vybi5hdFwvd3AtY29udGVudFwvdXBsb2Fkc1wvMjAyNVwvMTFcL0FUQlIuanBnIiwic2xpZGVzaG93IjoiYzQzYjA5MiJ9\" href='https:\/\/digimittelschule2badgoisern.at\/wp-content\/uploads\/2025\/11\/ATBR.jpg'><img decoding=\"async\" width=\"217\" height=\"300\" src=\"https:\/\/digimittelschule2badgoisern.at\/wp-content\/uploads\/2025\/11\/ATBR-217x300.jpg\" class=\"attachment-medium size-medium\" alt=\"\" aria-describedby=\"gallery-1-6919\" srcset=\"https:\/\/digimittelschule2badgoisern.at\/wp-content\/uploads\/2025\/11\/ATBR-217x300.jpg 217w, https:\/\/digimittelschule2badgoisern.at\/wp-content\/uploads\/2025\/11\/ATBR-739x1024.jpg 739w, https:\/\/digimittelschule2badgoisern.at\/wp-content\/uploads\/2025\/11\/ATBR-768x1064.jpg 768w, https:\/\/digimittelschule2badgoisern.at\/wp-content\/uploads\/2025\/11\/ATBR-1109x1536.jpg 1109w, https:\/\/digimittelschule2badgoisern.at\/wp-content\/uploads\/2025\/11\/ATBR-1479x2048.jpg 1479w, https:\/\/digimittelschule2badgoisern.at\/wp-content\/uploads\/2025\/11\/ATBR.jpg 1535w\" sizes=\"(max-width: 217px) 100vw, 217px\" \/><\/a>\n\t\t\t<\/div>\n\t\t\t\t<figcaption class='wp-caption-text gallery-caption' id='gallery-1-6919'>\n\t\t\t\tOSR Mag. Brigitte Atzmanstorfer &#8211; Direktorin\n\t\t\t\t<\/figcaption><\/figure><figure class='gallery-item'>\n\t\t\t<div class='gallery-icon portrait'>\n\t\t\t\t<a data-elementor-open-lightbox=\"yes\" data-elementor-lightbox-slideshow=\"c43b092\" data-elementor-lightbox-title=\"ALTH\" data-e-action-hash=\"#elementor-action%3Aaction%3Dlightbox%26settings%3DeyJpZCI6NTk2MiwidXJsIjoiaHR0cHM6XC9cL2RpZ2ltaXR0ZWxzY2h1bGUyYmFkZ29pc2Vybi5hdFwvd3AtY29udGVudFwvdXBsb2Fkc1wvMjAyNFwvMDJcL0FMVEgtc2NhbGVkLmpwZyIsInNsaWRlc2hvdyI6ImM0M2IwOTIifQ%3D%3D\" href='https:\/\/digimittelschule2badgoisern.at\/wp-content\/uploads\/2024\/02\/ALTH-scaled.jpg'><img decoding=\"async\" width=\"214\" height=\"300\" src=\"https:\/\/digimittelschule2badgoisern.at\/wp-content\/uploads\/2024\/02\/ALTH-214x300.jpg\" class=\"attachment-medium size-medium\" alt=\"\" aria-describedby=\"gallery-1-5962\" srcset=\"https:\/\/digimittelschule2badgoisern.at\/wp-content\/uploads\/2024\/02\/ALTH-214x300.jpg 214w, https:\/\/digimittelschule2badgoisern.at\/wp-content\/uploads\/2024\/02\/ALTH-731x1024.jpg 731w, https:\/\/digimittelschule2badgoisern.at\/wp-content\/uploads\/2024\/02\/ALTH-768x1075.jpg 768w, https:\/\/digimittelschule2badgoisern.at\/wp-content\/uploads\/2024\/02\/ALTH-1097x1536.jpg 1097w, https:\/\/digimittelschule2badgoisern.at\/wp-content\/uploads\/2024\/02\/ALTH-1463x2048.jpg 1463w, https:\/\/digimittelschule2badgoisern.at\/wp-content\/uploads\/2024\/02\/ALTH-scaled.jpg 1828w\" sizes=\"(max-width: 214px) 100vw, 214px\" \/><\/a>\n\t\t\t<\/div>\n\t\t\t\t<figcaption class='wp-caption-text gallery-caption' id='gallery-1-5962'>\n\t\t\t\tThomas Albeseder, Oberlehrer &#8211; M, PH, CH, Sch\u00fcler\/innen- und Berufsberater\n\t\t\t\t<\/figcaption><\/figure><figure class='gallery-item'>\n\t\t\t<div class='gallery-icon portrait'>\n\t\t\t\t<a data-elementor-open-lightbox=\"yes\" data-elementor-lightbox-slideshow=\"c43b092\" data-elementor-lightbox-title=\"BRIR\" data-e-action-hash=\"#elementor-action%3Aaction%3Dlightbox%26settings%3DeyJpZCI6NTYxMywidXJsIjoiaHR0cHM6XC9cL2RpZ2ltaXR0ZWxzY2h1bGUyYmFkZ29pc2Vybi5hdFwvd3AtY29udGVudFwvdXBsb2Fkc1wvMjAyM1wvMTBcL0JSSVIuanBnIiwic2xpZGVzaG93IjoiYzQzYjA5MiJ9\" href='https:\/\/digimittelschule2badgoisern.at\/wp-content\/uploads\/2023\/10\/BRIR.jpg'><img loading=\"lazy\" decoding=\"async\" width=\"217\" height=\"300\" src=\"https:\/\/digimittelschule2badgoisern.at\/wp-content\/uploads\/2023\/10\/BRIR-217x300.jpg\" class=\"attachment-medium size-medium\" alt=\"\" aria-describedby=\"gallery-1-5613\" srcset=\"https:\/\/digimittelschule2badgoisern.at\/wp-content\/uploads\/2023\/10\/BRIR-217x300.jpg 217w, https:\/\/digimittelschule2badgoisern.at\/wp-content\/uploads\/2023\/10\/BRIR-739x1024.jpg 739w, https:\/\/digimittelschule2badgoisern.at\/wp-content\/uploads\/2023\/10\/BRIR-768x1064.jpg 768w, https:\/\/digimittelschule2badgoisern.at\/wp-content\/uploads\/2023\/10\/BRIR-1109x1536.jpg 1109w, https:\/\/digimittelschule2badgoisern.at\/wp-content\/uploads\/2023\/10\/BRIR-1479x2048.jpg 1479w, https:\/\/digimittelschule2badgoisern.at\/wp-content\/uploads\/2023\/10\/BRIR.jpg 1535w\" sizes=\"(max-width: 217px) 100vw, 217px\" \/><\/a>\n\t\t\t<\/div>\n\t\t\t\t<figcaption class='wp-caption-text gallery-caption' id='gallery-1-5613'>\n\t\t\t\tIrina Brettner, BEd., BEd., Professorin &#8211; Sonderschullehrerin 3a, Volksschullehrerin\n\t\t\t\t<\/figcaption><\/figure><figure class='gallery-item'>\n\t\t\t<div class='gallery-icon portrait'>\n\t\t\t\t<a data-elementor-open-lightbox=\"yes\" data-elementor-lightbox-slideshow=\"c43b092\" data-elementor-lightbox-title=\"DEGA\" data-e-action-hash=\"#elementor-action%3Aaction%3Dlightbox%26settings%3DeyJpZCI6NjkyMSwidXJsIjoiaHR0cHM6XC9cL2RpZ2ltaXR0ZWxzY2h1bGUyYmFkZ29pc2Vybi5hdFwvd3AtY29udGVudFwvdXBsb2Fkc1wvMjAyNVwvMTFcL0RFR0EuanBnIiwic2xpZGVzaG93IjoiYzQzYjA5MiJ9\" href='https:\/\/digimittelschule2badgoisern.at\/wp-content\/uploads\/2025\/11\/DEGA.jpg'><img loading=\"lazy\" decoding=\"async\" width=\"217\" height=\"300\" src=\"https:\/\/digimittelschule2badgoisern.at\/wp-content\/uploads\/2025\/11\/DEGA-217x300.jpg\" class=\"attachment-medium size-medium\" alt=\"\" aria-describedby=\"gallery-1-6921\" srcset=\"https:\/\/digimittelschule2badgoisern.at\/wp-content\/uploads\/2025\/11\/DEGA-217x300.jpg 217w, https:\/\/digimittelschule2badgoisern.at\/wp-content\/uploads\/2025\/11\/DEGA-739x1024.jpg 739w, https:\/\/digimittelschule2badgoisern.at\/wp-content\/uploads\/2025\/11\/DEGA-768x1064.jpg 768w, https:\/\/digimittelschule2badgoisern.at\/wp-content\/uploads\/2025\/11\/DEGA-1109x1536.jpg 1109w, https:\/\/digimittelschule2badgoisern.at\/wp-content\/uploads\/2025\/11\/DEGA-1479x2048.jpg 1479w, https:\/\/digimittelschule2badgoisern.at\/wp-content\/uploads\/2025\/11\/DEGA.jpg 1535w\" sizes=\"(max-width: 217px) 100vw, 217px\" \/><\/a>\n\t\t\t<\/div>\n\t\t\t\t<figcaption class='wp-caption-text gallery-caption' id='gallery-1-6921'>\n\t\t\t\tGabriela Denk, Lehramtsstudentin &#8211; D, GPB, Klassenvorst\u00e4ndin 1b\n\t\t\t\t<\/figcaption><\/figure><figure class='gallery-item'>\n\t\t\t<div class='gallery-icon portrait'>\n\t\t\t\t<a data-elementor-open-lightbox=\"yes\" data-elementor-lightbox-slideshow=\"c43b092\" data-elementor-lightbox-title=\"EIKA\" data-e-action-hash=\"#elementor-action%3Aaction%3Dlightbox%26settings%3DeyJpZCI6NjkyMiwidXJsIjoiaHR0cHM6XC9cL2RpZ2ltaXR0ZWxzY2h1bGUyYmFkZ29pc2Vybi5hdFwvd3AtY29udGVudFwvdXBsb2Fkc1wvMjAyNVwvMTFcL0VJS0EuanBnIiwic2xpZGVzaG93IjoiYzQzYjA5MiJ9\" href='https:\/\/digimittelschule2badgoisern.at\/wp-content\/uploads\/2025\/11\/EIKA.jpg'><img loading=\"lazy\" decoding=\"async\" width=\"217\" height=\"300\" src=\"https:\/\/digimittelschule2badgoisern.at\/wp-content\/uploads\/2025\/11\/EIKA-217x300.jpg\" class=\"attachment-medium size-medium\" alt=\"\" aria-describedby=\"gallery-1-6922\" srcset=\"https:\/\/digimittelschule2badgoisern.at\/wp-content\/uploads\/2025\/11\/EIKA-217x300.jpg 217w, https:\/\/digimittelschule2badgoisern.at\/wp-content\/uploads\/2025\/11\/EIKA-739x1024.jpg 739w, https:\/\/digimittelschule2badgoisern.at\/wp-content\/uploads\/2025\/11\/EIKA-768x1064.jpg 768w, https:\/\/digimittelschule2badgoisern.at\/wp-content\/uploads\/2025\/11\/EIKA-1109x1536.jpg 1109w, https:\/\/digimittelschule2badgoisern.at\/wp-content\/uploads\/2025\/11\/EIKA-1479x2048.jpg 1479w, https:\/\/digimittelschule2badgoisern.at\/wp-content\/uploads\/2025\/11\/EIKA.jpg 1535w\" sizes=\"(max-width: 217px) 100vw, 217px\" \/><\/a>\n\t\t\t<\/div>\n\t\t\t\t<figcaption class='wp-caption-text gallery-caption' id='gallery-1-6922'>\n\t\t\t\tKatharina Eisl, BA., Professorin, Betriebs- und Wirtschaftspsychologin, Damenkleidermacherin (Meisterin)\n\t\t\t\t<\/figcaption><\/figure><figure class='gallery-item'>\n\t\t\t<div class='gallery-icon portrait'>\n\t\t\t\t<a data-elementor-open-lightbox=\"yes\" data-elementor-lightbox-slideshow=\"c43b092\" data-elementor-lightbox-title=\"_DSC2172 Kopie\" data-e-action-hash=\"#elementor-action%3Aaction%3Dlightbox%26settings%3DeyJpZCI6NjEzOCwidXJsIjoiaHR0cHM6XC9cL2RpZ2ltaXR0ZWxzY2h1bGUyYmFkZ29pc2Vybi5hdFwvd3AtY29udGVudFwvdXBsb2Fkc1wvMjAyNFwvMTFcL0RTQzIxNzItS29waWUuanBnIiwic2xpZGVzaG93IjoiYzQzYjA5MiJ9\" href='https:\/\/digimittelschule2badgoisern.at\/wp-content\/uploads\/2024\/11\/DSC2172-Kopie.jpg'><img loading=\"lazy\" decoding=\"async\" width=\"217\" height=\"300\" src=\"https:\/\/digimittelschule2badgoisern.at\/wp-content\/uploads\/2024\/11\/DSC2172-Kopie-217x300.jpg\" class=\"attachment-medium size-medium\" alt=\"\" aria-describedby=\"gallery-1-6138\" srcset=\"https:\/\/digimittelschule2badgoisern.at\/wp-content\/uploads\/2024\/11\/DSC2172-Kopie-217x300.jpg 217w, https:\/\/digimittelschule2badgoisern.at\/wp-content\/uploads\/2024\/11\/DSC2172-Kopie-739x1024.jpg 739w, https:\/\/digimittelschule2badgoisern.at\/wp-content\/uploads\/2024\/11\/DSC2172-Kopie-768x1064.jpg 768w, https:\/\/digimittelschule2badgoisern.at\/wp-content\/uploads\/2024\/11\/DSC2172-Kopie-1109x1536.jpg 1109w, https:\/\/digimittelschule2badgoisern.at\/wp-content\/uploads\/2024\/11\/DSC2172-Kopie-1479x2048.jpg 1479w, https:\/\/digimittelschule2badgoisern.at\/wp-content\/uploads\/2024\/11\/DSC2172-Kopie.jpg 1535w\" sizes=\"(max-width: 217px) 100vw, 217px\" \/><\/a>\n\t\t\t<\/div>\n\t\t\t\t<figcaption class='wp-caption-text gallery-caption' id='gallery-1-6138'>\n\t\t\t\tClaudia Engleitner-Grundner &#8211; Schulassistentin 2a\n\t\t\t\t<\/figcaption><\/figure><figure class='gallery-item'>\n\t\t\t<div class='gallery-icon portrait'>\n\t\t\t\t<a data-elementor-open-lightbox=\"yes\" data-elementor-lightbox-slideshow=\"c43b092\" data-elementor-lightbox-title=\"GASA\" data-e-action-hash=\"#elementor-action%3Aaction%3Dlightbox%26settings%3DeyJpZCI6NTYxNSwidXJsIjoiaHR0cHM6XC9cL2RpZ2ltaXR0ZWxzY2h1bGUyYmFkZ29pc2Vybi5hdFwvd3AtY29udGVudFwvdXBsb2Fkc1wvMjAyM1wvMTBcL0dBU0EuanBnIiwic2xpZGVzaG93IjoiYzQzYjA5MiJ9\" href='https:\/\/digimittelschule2badgoisern.at\/wp-content\/uploads\/2023\/10\/GASA.jpg'><img loading=\"lazy\" decoding=\"async\" width=\"217\" height=\"300\" src=\"https:\/\/digimittelschule2badgoisern.at\/wp-content\/uploads\/2023\/10\/GASA-217x300.jpg\" class=\"attachment-medium size-medium\" alt=\"\" aria-describedby=\"gallery-1-5615\" srcset=\"https:\/\/digimittelschule2badgoisern.at\/wp-content\/uploads\/2023\/10\/GASA-217x300.jpg 217w, https:\/\/digimittelschule2badgoisern.at\/wp-content\/uploads\/2023\/10\/GASA-739x1024.jpg 739w, https:\/\/digimittelschule2badgoisern.at\/wp-content\/uploads\/2023\/10\/GASA-768x1064.jpg 768w, https:\/\/digimittelschule2badgoisern.at\/wp-content\/uploads\/2023\/10\/GASA-1109x1536.jpg 1109w, https:\/\/digimittelschule2badgoisern.at\/wp-content\/uploads\/2023\/10\/GASA-1479x2048.jpg 1479w, https:\/\/digimittelschule2badgoisern.at\/wp-content\/uploads\/2023\/10\/GASA.jpg 1535w\" sizes=\"(max-width: 217px) 100vw, 217px\" \/><\/a>\n\t\t\t<\/div>\n\t\t\t\t<figcaption class='wp-caption-text gallery-caption' id='gallery-1-5615'>\n\t\t\t\tSabine Gamsj\u00e4ger-Jachs, Lehrerin &#8211; D, GPB, D-Koordinatorin\n\t\t\t\t<\/figcaption><\/figure><figure class='gallery-item'>\n\t\t\t<div class='gallery-icon portrait'>\n\t\t\t\t<a data-elementor-open-lightbox=\"yes\" data-elementor-lightbox-slideshow=\"c43b092\" data-elementor-lightbox-title=\"Doris\" data-e-action-hash=\"#elementor-action%3Aaction%3Dlightbox%26settings%3DeyJpZCI6NDkzMCwidXJsIjoiaHR0cHM6XC9cL2RpZ2ltaXR0ZWxzY2h1bGUyYmFkZ29pc2Vybi5hdFwvd3AtY29udGVudFwvdXBsb2Fkc1wvMjAyMlwvMTBcL0RvcmlzLmpwZyIsInNsaWRlc2hvdyI6ImM0M2IwOTIifQ%3D%3D\" href='https:\/\/digimittelschule2badgoisern.at\/wp-content\/uploads\/2022\/10\/Doris.jpg'><img loading=\"lazy\" decoding=\"async\" width=\"169\" height=\"300\" src=\"https:\/\/digimittelschule2badgoisern.at\/wp-content\/uploads\/2022\/10\/Doris-169x300.jpg\" class=\"attachment-medium size-medium\" alt=\"\" aria-describedby=\"gallery-1-4930\" srcset=\"https:\/\/digimittelschule2badgoisern.at\/wp-content\/uploads\/2022\/10\/Doris-169x300.jpg 169w, https:\/\/digimittelschule2badgoisern.at\/wp-content\/uploads\/2022\/10\/Doris-576x1024.jpg 576w, https:\/\/digimittelschule2badgoisern.at\/wp-content\/uploads\/2022\/10\/Doris-768x1365.jpg 768w, https:\/\/digimittelschule2badgoisern.at\/wp-content\/uploads\/2022\/10\/Doris-864x1536.jpg 864w, https:\/\/digimittelschule2badgoisern.at\/wp-content\/uploads\/2022\/10\/Doris.jpg 900w\" sizes=\"(max-width: 169px) 100vw, 169px\" \/><\/a>\n\t\t\t<\/div>\n\t\t\t\t<figcaption class='wp-caption-text gallery-caption' id='gallery-1-4930'>\n\t\t\t\tDoris Gschwandtner &#8211; Schulwartin\n\t\t\t\t<\/figcaption><\/figure><figure class='gallery-item'>\n\t\t\t<div class='gallery-icon portrait'>\n\t\t\t\t<a data-elementor-open-lightbox=\"yes\" data-elementor-lightbox-slideshow=\"c43b092\" data-elementor-lightbox-title=\"HAMA\" data-e-action-hash=\"#elementor-action%3Aaction%3Dlightbox%26settings%3DeyJpZCI6NjkyMywidXJsIjoiaHR0cHM6XC9cL2RpZ2ltaXR0ZWxzY2h1bGUyYmFkZ29pc2Vybi5hdFwvd3AtY29udGVudFwvdXBsb2Fkc1wvMjAyNVwvMTFcL0hBTUEuanBnIiwic2xpZGVzaG93IjoiYzQzYjA5MiJ9\" href='https:\/\/digimittelschule2badgoisern.at\/wp-content\/uploads\/2025\/11\/HAMA.jpg'><img loading=\"lazy\" decoding=\"async\" width=\"217\" height=\"300\" src=\"https:\/\/digimittelschule2badgoisern.at\/wp-content\/uploads\/2025\/11\/HAMA-217x300.jpg\" class=\"attachment-medium size-medium\" alt=\"\" aria-describedby=\"gallery-1-6923\" srcset=\"https:\/\/digimittelschule2badgoisern.at\/wp-content\/uploads\/2025\/11\/HAMA-217x300.jpg 217w, https:\/\/digimittelschule2badgoisern.at\/wp-content\/uploads\/2025\/11\/HAMA-739x1024.jpg 739w, https:\/\/digimittelschule2badgoisern.at\/wp-content\/uploads\/2025\/11\/HAMA-768x1064.jpg 768w, https:\/\/digimittelschule2badgoisern.at\/wp-content\/uploads\/2025\/11\/HAMA-1109x1536.jpg 1109w, https:\/\/digimittelschule2badgoisern.at\/wp-content\/uploads\/2025\/11\/HAMA-1479x2048.jpg 1479w, https:\/\/digimittelschule2badgoisern.at\/wp-content\/uploads\/2025\/11\/HAMA.jpg 1535w\" sizes=\"(max-width: 217px) 100vw, 217px\" \/><\/a>\n\t\t\t<\/div>\n\t\t\t\t<figcaption class='wp-caption-text gallery-caption' id='gallery-1-6923'>\n\t\t\t\tMargarete Haase-Jablonski, DI. (FH), Professorin, Ton- und Bildtechnikerin, Instrumentallehrerin\n\t\t\t\t<\/figcaption><\/figure><figure class='gallery-item'>\n\t\t\t<div class='gallery-icon portrait'>\n\t\t\t\t<a data-elementor-open-lightbox=\"yes\" data-elementor-lightbox-slideshow=\"c43b092\" data-elementor-lightbox-title=\"H\u00d6BA\" data-e-action-hash=\"#elementor-action%3Aaction%3Dlightbox%26settings%3DeyJpZCI6NTYxNiwidXJsIjoiaHR0cHM6XC9cL2RpZ2ltaXR0ZWxzY2h1bGUyYmFkZ29pc2Vybi5hdFwvd3AtY29udGVudFwvdXBsb2Fkc1wvMjAyM1wvMTBcL0hPZUJBLmpwZyIsInNsaWRlc2hvdyI6ImM0M2IwOTIifQ%3D%3D\" href='https:\/\/digimittelschule2badgoisern.at\/wp-content\/uploads\/2023\/10\/HOeBA.jpg'><img loading=\"lazy\" decoding=\"async\" width=\"217\" height=\"300\" src=\"https:\/\/digimittelschule2badgoisern.at\/wp-content\/uploads\/2023\/10\/HOeBA-217x300.jpg\" class=\"attachment-medium size-medium\" alt=\"\" aria-describedby=\"gallery-1-5616\" srcset=\"https:\/\/digimittelschule2badgoisern.at\/wp-content\/uploads\/2023\/10\/HOeBA-217x300.jpg 217w, https:\/\/digimittelschule2badgoisern.at\/wp-content\/uploads\/2023\/10\/HOeBA-739x1024.jpg 739w, https:\/\/digimittelschule2badgoisern.at\/wp-content\/uploads\/2023\/10\/HOeBA-768x1064.jpg 768w, https:\/\/digimittelschule2badgoisern.at\/wp-content\/uploads\/2023\/10\/HOeBA-1109x1536.jpg 1109w, https:\/\/digimittelschule2badgoisern.at\/wp-content\/uploads\/2023\/10\/HOeBA-1479x2048.jpg 1479w, https:\/\/digimittelschule2badgoisern.at\/wp-content\/uploads\/2023\/10\/HOeBA.jpg 1535w\" sizes=\"(max-width: 217px) 100vw, 217px\" \/><\/a>\n\t\t\t<\/div>\n\t\t\t\t<figcaption class='wp-caption-text gallery-caption' id='gallery-1-5616'>\n\t\t\t\tBarbara H\u00f6ller &#8211; Sonderschullehrerin 2a, Digitale Grundbildung, Sprachheilp\u00e4dagogin, Beraterin und Trainerin in Legasthenie, Geb\u00e4rdensprache, Autismus-Spektrum, Kooperatives Lernen\n\t\t\t\t<\/figcaption><\/figure><figure class='gallery-item'>\n\t\t\t<div class='gallery-icon portrait'>\n\t\t\t\t<a data-elementor-open-lightbox=\"yes\" data-elementor-lightbox-slideshow=\"c43b092\" data-elementor-lightbox-title=\"093670632\" data-e-action-hash=\"#elementor-action%3Aaction%3Dlightbox%26settings%3DeyJpZCI6NDYxNiwidXJsIjoiaHR0cHM6XC9cL2RpZ2ltaXR0ZWxzY2h1bGUyYmFkZ29pc2Vybi5hdFwvd3AtY29udGVudFwvdXBsb2Fkc1wvMjAyMlwvMDlcLzA5MzY3MDYzMi1zY2FsZWQuanBnIiwic2xpZGVzaG93IjoiYzQzYjA5MiJ9\" href='https:\/\/digimittelschule2badgoisern.at\/wp-content\/uploads\/2022\/09\/093670632-scaled.jpg'><img loading=\"lazy\" decoding=\"async\" width=\"214\" height=\"300\" src=\"https:\/\/digimittelschule2badgoisern.at\/wp-content\/uploads\/2022\/09\/093670632-214x300.jpg\" class=\"attachment-medium size-medium\" alt=\"\" aria-describedby=\"gallery-1-4616\" srcset=\"https:\/\/digimittelschule2badgoisern.at\/wp-content\/uploads\/2022\/09\/093670632-214x300.jpg 214w, https:\/\/digimittelschule2badgoisern.at\/wp-content\/uploads\/2022\/09\/093670632-731x1024.jpg 731w, https:\/\/digimittelschule2badgoisern.at\/wp-content\/uploads\/2022\/09\/093670632-768x1075.jpg 768w, https:\/\/digimittelschule2badgoisern.at\/wp-content\/uploads\/2022\/09\/093670632-1097x1536.jpg 1097w, https:\/\/digimittelschule2badgoisern.at\/wp-content\/uploads\/2022\/09\/093670632-1463x2048.jpg 1463w, https:\/\/digimittelschule2badgoisern.at\/wp-content\/uploads\/2022\/09\/093670632-scaled.jpg 1828w\" sizes=\"(max-width: 214px) 100vw, 214px\" \/><\/a>\n\t\t\t<\/div>\n\t\t\t\t<figcaption class='wp-caption-text gallery-caption' id='gallery-1-4616'>\n\t\t\t\tGerhard H\u00f6rhager, BEd., Oberlehrer &#8211; E, BSP\n\t\t\t\t<\/figcaption><\/figure><figure class='gallery-item'>\n\t\t\t<div class='gallery-icon portrait'>\n\t\t\t\t<a data-elementor-open-lightbox=\"yes\" data-elementor-lightbox-slideshow=\"c43b092\" data-elementor-lightbox-title=\"Jetzinger_Sophie\" data-e-action-hash=\"#elementor-action%3Aaction%3Dlightbox%26settings%3DeyJpZCI6Njg3OSwidXJsIjoiaHR0cHM6XC9cL2RpZ2ltaXR0ZWxzY2h1bGUyYmFkZ29pc2Vybi5hdFwvd3AtY29udGVudFwvdXBsb2Fkc1wvMjAyNVwvMDlcL0pldHppbmdlcl9Tb3BoaWUuanBnIiwic2xpZGVzaG93IjoiYzQzYjA5MiJ9\" href='https:\/\/digimittelschule2badgoisern.at\/wp-content\/uploads\/2025\/09\/Jetzinger_Sophie.jpg'><img loading=\"lazy\" decoding=\"async\" width=\"217\" height=\"300\" src=\"https:\/\/digimittelschule2badgoisern.at\/wp-content\/uploads\/2025\/09\/Jetzinger_Sophie-217x300.jpg\" class=\"attachment-medium size-medium\" alt=\"\" aria-describedby=\"gallery-1-6879\" srcset=\"https:\/\/digimittelschule2badgoisern.at\/wp-content\/uploads\/2025\/09\/Jetzinger_Sophie-217x300.jpg 217w, https:\/\/digimittelschule2badgoisern.at\/wp-content\/uploads\/2025\/09\/Jetzinger_Sophie.jpg 740w\" sizes=\"(max-width: 217px) 100vw, 217px\" \/><\/a>\n\t\t\t<\/div>\n\t\t\t\t<figcaption class='wp-caption-text gallery-caption' id='gallery-1-6879'>\n\t\t\t\tSophie Anna Jetzinger, BEd., MEd., Professorin &#8211; D, GWB\n\t\t\t\t<\/figcaption><\/figure><figure class='gallery-item'>\n\t\t\t<div class='gallery-icon portrait'>\n\t\t\t\t<a data-elementor-open-lightbox=\"yes\" data-elementor-lightbox-slideshow=\"c43b092\" data-elementor-lightbox-title=\"KIGE\" data-e-action-hash=\"#elementor-action%3Aaction%3Dlightbox%26settings%3DeyJpZCI6NTYxNywidXJsIjoiaHR0cHM6XC9cL2RpZ2ltaXR0ZWxzY2h1bGUyYmFkZ29pc2Vybi5hdFwvd3AtY29udGVudFwvdXBsb2Fkc1wvMjAyM1wvMTBcL0tJR0UuanBnIiwic2xpZGVzaG93IjoiYzQzYjA5MiJ9\" href='https:\/\/digimittelschule2badgoisern.at\/wp-content\/uploads\/2023\/10\/KIGE.jpg'><img loading=\"lazy\" decoding=\"async\" width=\"217\" height=\"300\" src=\"https:\/\/digimittelschule2badgoisern.at\/wp-content\/uploads\/2023\/10\/KIGE-217x300.jpg\" class=\"attachment-medium size-medium\" alt=\"\" aria-describedby=\"gallery-1-5617\" srcset=\"https:\/\/digimittelschule2badgoisern.at\/wp-content\/uploads\/2023\/10\/KIGE-217x300.jpg 217w, https:\/\/digimittelschule2badgoisern.at\/wp-content\/uploads\/2023\/10\/KIGE-739x1024.jpg 739w, https:\/\/digimittelschule2badgoisern.at\/wp-content\/uploads\/2023\/10\/KIGE-768x1064.jpg 768w, https:\/\/digimittelschule2badgoisern.at\/wp-content\/uploads\/2023\/10\/KIGE-1109x1536.jpg 1109w, https:\/\/digimittelschule2badgoisern.at\/wp-content\/uploads\/2023\/10\/KIGE-1479x2048.jpg 1479w, https:\/\/digimittelschule2badgoisern.at\/wp-content\/uploads\/2023\/10\/KIGE.jpg 1535w\" sizes=\"(max-width: 217px) 100vw, 217px\" \/><\/a>\n\t\t\t<\/div>\n\t\t\t\t<figcaption class='wp-caption-text gallery-caption' id='gallery-1-5617'>\n\t\t\t\tGerald Kienast, BEd., Professor &#8211; M, MUSI, Klassenvorstand 4b\n\t\t\t\t<\/figcaption><\/figure><figure class='gallery-item'>\n\t\t\t<div class='gallery-icon portrait'>\n\t\t\t\t<a data-elementor-open-lightbox=\"yes\" data-elementor-lightbox-slideshow=\"c43b092\" data-elementor-lightbox-title=\"K\u00d6CH\" data-e-action-hash=\"#elementor-action%3Aaction%3Dlightbox%26settings%3DeyJpZCI6NjkyNCwidXJsIjoiaHR0cHM6XC9cL2RpZ2ltaXR0ZWxzY2h1bGUyYmFkZ29pc2Vybi5hdFwvd3AtY29udGVudFwvdXBsb2Fkc1wvMjAyNVwvMTFcL0tPZUNILmpwZyIsInNsaWRlc2hvdyI6ImM0M2IwOTIifQ%3D%3D\" href='https:\/\/digimittelschule2badgoisern.at\/wp-content\/uploads\/2025\/11\/KOeCH.jpg'><img loading=\"lazy\" decoding=\"async\" width=\"217\" height=\"300\" src=\"https:\/\/digimittelschule2badgoisern.at\/wp-content\/uploads\/2025\/11\/KOeCH-217x300.jpg\" class=\"attachment-medium size-medium\" alt=\"\" aria-describedby=\"gallery-1-6924\" srcset=\"https:\/\/digimittelschule2badgoisern.at\/wp-content\/uploads\/2025\/11\/KOeCH-217x300.jpg 217w, https:\/\/digimittelschule2badgoisern.at\/wp-content\/uploads\/2025\/11\/KOeCH-739x1024.jpg 739w, https:\/\/digimittelschule2badgoisern.at\/wp-content\/uploads\/2025\/11\/KOeCH-768x1064.jpg 768w, https:\/\/digimittelschule2badgoisern.at\/wp-content\/uploads\/2025\/11\/KOeCH-1109x1536.jpg 1109w, https:\/\/digimittelschule2badgoisern.at\/wp-content\/uploads\/2025\/11\/KOeCH-1479x2048.jpg 1479w, https:\/\/digimittelschule2badgoisern.at\/wp-content\/uploads\/2025\/11\/KOeCH.jpg 1535w\" sizes=\"(max-width: 217px) 100vw, 217px\" \/><\/a>\n\t\t\t<\/div>\n\t\t\t\t<figcaption class='wp-caption-text gallery-caption' id='gallery-1-6924'>\n\t\t\t\tChristine K\u00f6ppl, BEd., &#8211; Sonderschullehrerin 4a, Volksschullehrerin, Beraterin und Trainerin in Legasthenie, Autismus-Spektrum-St\u00f6rung, Kooperatives Lernen\n\t\t\t\t<\/figcaption><\/figure><figure class='gallery-item'>\n\t\t\t<div class='gallery-icon portrait'>\n\t\t\t\t<a data-elementor-open-lightbox=\"yes\" data-elementor-lightbox-slideshow=\"c43b092\" data-elementor-lightbox-title=\"NESI\" data-e-action-hash=\"#elementor-action%3Aaction%3Dlightbox%26settings%3DeyJpZCI6NjkyNiwidXJsIjoiaHR0cHM6XC9cL2RpZ2ltaXR0ZWxzY2h1bGUyYmFkZ29pc2Vybi5hdFwvd3AtY29udGVudFwvdXBsb2Fkc1wvMjAyNVwvMTFcL05FU0kuanBnIiwic2xpZGVzaG93IjoiYzQzYjA5MiJ9\" href='https:\/\/digimittelschule2badgoisern.at\/wp-content\/uploads\/2025\/11\/NESI.jpg'><img loading=\"lazy\" decoding=\"async\" width=\"217\" height=\"300\" src=\"https:\/\/digimittelschule2badgoisern.at\/wp-content\/uploads\/2025\/11\/NESI-217x300.jpg\" class=\"attachment-medium size-medium\" alt=\"\" aria-describedby=\"gallery-1-6926\" srcset=\"https:\/\/digimittelschule2badgoisern.at\/wp-content\/uploads\/2025\/11\/NESI-217x300.jpg 217w, https:\/\/digimittelschule2badgoisern.at\/wp-content\/uploads\/2025\/11\/NESI-739x1024.jpg 739w, https:\/\/digimittelschule2badgoisern.at\/wp-content\/uploads\/2025\/11\/NESI-768x1064.jpg 768w, https:\/\/digimittelschule2badgoisern.at\/wp-content\/uploads\/2025\/11\/NESI-1109x1536.jpg 1109w, https:\/\/digimittelschule2badgoisern.at\/wp-content\/uploads\/2025\/11\/NESI-1479x2048.jpg 1479w, https:\/\/digimittelschule2badgoisern.at\/wp-content\/uploads\/2025\/11\/NESI.jpg 1535w\" sizes=\"(max-width: 217px) 100vw, 217px\" \/><\/a>\n\t\t\t<\/div>\n\t\t\t\t<figcaption class='wp-caption-text gallery-caption' id='gallery-1-6926'>\n\t\t\t\tSigrun Neubacher, MSc., Bakk. Biol., Professorin &#8211; BUB, Klassenvorst\u00e4ndin 1a\n\t\t\t\t<\/figcaption><\/figure><figure class='gallery-item'>\n\t\t\t<div class='gallery-icon portrait'>\n\t\t\t\t<a data-elementor-open-lightbox=\"yes\" data-elementor-lightbox-slideshow=\"c43b092\" data-elementor-lightbox-title=\"_DSC2256 Kopie\" data-e-action-hash=\"#elementor-action%3Aaction%3Dlightbox%26settings%3DeyJpZCI6NjEzOSwidXJsIjoiaHR0cHM6XC9cL2RpZ2ltaXR0ZWxzY2h1bGUyYmFkZ29pc2Vybi5hdFwvd3AtY29udGVudFwvdXBsb2Fkc1wvMjAyNFwvMTFcL0RTQzIyNTYtS29waWUuanBnIiwic2xpZGVzaG93IjoiYzQzYjA5MiJ9\" href='https:\/\/digimittelschule2badgoisern.at\/wp-content\/uploads\/2024\/11\/DSC2256-Kopie.jpg'><img loading=\"lazy\" decoding=\"async\" width=\"217\" height=\"300\" src=\"https:\/\/digimittelschule2badgoisern.at\/wp-content\/uploads\/2024\/11\/DSC2256-Kopie-217x300.jpg\" class=\"attachment-medium size-medium\" alt=\"\" aria-describedby=\"gallery-1-6139\" srcset=\"https:\/\/digimittelschule2badgoisern.at\/wp-content\/uploads\/2024\/11\/DSC2256-Kopie-217x300.jpg 217w, https:\/\/digimittelschule2badgoisern.at\/wp-content\/uploads\/2024\/11\/DSC2256-Kopie-739x1024.jpg 739w, https:\/\/digimittelschule2badgoisern.at\/wp-content\/uploads\/2024\/11\/DSC2256-Kopie-768x1064.jpg 768w, https:\/\/digimittelschule2badgoisern.at\/wp-content\/uploads\/2024\/11\/DSC2256-Kopie-1109x1536.jpg 1109w, https:\/\/digimittelschule2badgoisern.at\/wp-content\/uploads\/2024\/11\/DSC2256-Kopie-1479x2048.jpg 1479w, https:\/\/digimittelschule2badgoisern.at\/wp-content\/uploads\/2024\/11\/DSC2256-Kopie.jpg 1535w\" sizes=\"(max-width: 217px) 100vw, 217px\" \/><\/a>\n\t\t\t<\/div>\n\t\t\t\t<figcaption class='wp-caption-text gallery-caption' id='gallery-1-6139'>\n\t\t\t\tClaudia Oberhauser &#8211; Schulassistentin 1a\n\t\t\t\t<\/figcaption><\/figure><figure class='gallery-item'>\n\t\t\t<div class='gallery-icon portrait'>\n\t\t\t\t<a data-elementor-open-lightbox=\"yes\" data-elementor-lightbox-slideshow=\"c43b092\" data-elementor-lightbox-title=\"Clemens Philipp\" data-e-action-hash=\"#elementor-action%3Aaction%3Dlightbox%26settings%3DeyJpZCI6NzI0NywidXJsIjoiaHR0cHM6XC9cL2RpZ2ltaXR0ZWxzY2h1bGUyYmFkZ29pc2Vybi5hdFwvd3AtY29udGVudFwvdXBsb2Fkc1wvMjAyNlwvMDNcL0NsZW1lbnMtUGhpbGlwcC5qcGciLCJzbGlkZXNob3ciOiJjNDNiMDkyIn0%3D\" href='https:\/\/digimittelschule2badgoisern.at\/wp-content\/uploads\/2026\/03\/Clemens-Philipp.jpg'><img loading=\"lazy\" decoding=\"async\" width=\"169\" height=\"300\" src=\"https:\/\/digimittelschule2badgoisern.at\/wp-content\/uploads\/2026\/03\/Clemens-Philipp-169x300.jpg\" class=\"attachment-medium size-medium\" alt=\"\" aria-describedby=\"gallery-1-7247\" srcset=\"https:\/\/digimittelschule2badgoisern.at\/wp-content\/uploads\/2026\/03\/Clemens-Philipp-169x300.jpg 169w, https:\/\/digimittelschule2badgoisern.at\/wp-content\/uploads\/2026\/03\/Clemens-Philipp-577x1024.jpg 577w, https:\/\/digimittelschule2badgoisern.at\/wp-content\/uploads\/2026\/03\/Clemens-Philipp-768x1364.jpg 768w, https:\/\/digimittelschule2badgoisern.at\/wp-content\/uploads\/2026\/03\/Clemens-Philipp-865x1536.jpg 865w, https:\/\/digimittelschule2badgoisern.at\/wp-content\/uploads\/2026\/03\/Clemens-Philipp.jpg 1126w\" sizes=\"(max-width: 169px) 100vw, 169px\" \/><\/a>\n\t\t\t<\/div>\n\t\t\t\t<figcaption class='wp-caption-text gallery-caption' id='gallery-1-7247'>\n\t\t\t\tClemens Philipp &#8211; Schulassistent 1a\n\t\t\t\t<\/figcaption><\/figure><figure class='gallery-item'>\n\t\t\t<div class='gallery-icon portrait'>\n\t\t\t\t<a data-elementor-open-lightbox=\"yes\" data-elementor-lightbox-slideshow=\"c43b092\" data-elementor-lightbox-title=\"PIRE\" data-e-action-hash=\"#elementor-action%3Aaction%3Dlightbox%26settings%3DeyJpZCI6NjkyNywidXJsIjoiaHR0cHM6XC9cL2RpZ2ltaXR0ZWxzY2h1bGUyYmFkZ29pc2Vybi5hdFwvd3AtY29udGVudFwvdXBsb2Fkc1wvMjAyNVwvMTFcL1BJUkUuanBnIiwic2xpZGVzaG93IjoiYzQzYjA5MiJ9\" href='https:\/\/digimittelschule2badgoisern.at\/wp-content\/uploads\/2025\/11\/PIRE.jpg'><img loading=\"lazy\" decoding=\"async\" width=\"217\" height=\"300\" src=\"https:\/\/digimittelschule2badgoisern.at\/wp-content\/uploads\/2025\/11\/PIRE-217x300.jpg\" class=\"attachment-medium size-medium\" alt=\"\" aria-describedby=\"gallery-1-6927\" srcset=\"https:\/\/digimittelschule2badgoisern.at\/wp-content\/uploads\/2025\/11\/PIRE-217x300.jpg 217w, https:\/\/digimittelschule2badgoisern.at\/wp-content\/uploads\/2025\/11\/PIRE-739x1024.jpg 739w, https:\/\/digimittelschule2badgoisern.at\/wp-content\/uploads\/2025\/11\/PIRE-768x1064.jpg 768w, https:\/\/digimittelschule2badgoisern.at\/wp-content\/uploads\/2025\/11\/PIRE-1109x1536.jpg 1109w, https:\/\/digimittelschule2badgoisern.at\/wp-content\/uploads\/2025\/11\/PIRE-1479x2048.jpg 1479w, https:\/\/digimittelschule2badgoisern.at\/wp-content\/uploads\/2025\/11\/PIRE.jpg 1535w\" sizes=\"(max-width: 217px) 100vw, 217px\" \/><\/a>\n\t\t\t<\/div>\n\t\t\t\t<figcaption class='wp-caption-text gallery-caption' id='gallery-1-6927'>\n\t\t\t\tReinhard Pilz, Lehrer &#8211; D, MUSI, ev. Religion, Mentor, Lerncoach, Klassenvorstand 3c\n\t\t\t\t<\/figcaption><\/figure><figure class='gallery-item'>\n\t\t\t<div class='gallery-icon portrait'>\n\t\t\t\t<a data-elementor-open-lightbox=\"yes\" data-elementor-lightbox-slideshow=\"c43b092\" data-elementor-lightbox-title=\"PLGU\" data-e-action-hash=\"#elementor-action%3Aaction%3Dlightbox%26settings%3DeyJpZCI6NjkyOCwidXJsIjoiaHR0cHM6XC9cL2RpZ2ltaXR0ZWxzY2h1bGUyYmFkZ29pc2Vybi5hdFwvd3AtY29udGVudFwvdXBsb2Fkc1wvMjAyNVwvMTFcL1BMR1UuanBnIiwic2xpZGVzaG93IjoiYzQzYjA5MiJ9\" href='https:\/\/digimittelschule2badgoisern.at\/wp-content\/uploads\/2025\/11\/PLGU.jpg'><img loading=\"lazy\" decoding=\"async\" width=\"217\" height=\"300\" src=\"https:\/\/digimittelschule2badgoisern.at\/wp-content\/uploads\/2025\/11\/PLGU-217x300.jpg\" class=\"attachment-medium size-medium\" alt=\"\" aria-describedby=\"gallery-1-6928\" srcset=\"https:\/\/digimittelschule2badgoisern.at\/wp-content\/uploads\/2025\/11\/PLGU-217x300.jpg 217w, https:\/\/digimittelschule2badgoisern.at\/wp-content\/uploads\/2025\/11\/PLGU-739x1024.jpg 739w, https:\/\/digimittelschule2badgoisern.at\/wp-content\/uploads\/2025\/11\/PLGU-768x1064.jpg 768w, https:\/\/digimittelschule2badgoisern.at\/wp-content\/uploads\/2025\/11\/PLGU-1109x1536.jpg 1109w, https:\/\/digimittelschule2badgoisern.at\/wp-content\/uploads\/2025\/11\/PLGU-1479x2048.jpg 1479w, https:\/\/digimittelschule2badgoisern.at\/wp-content\/uploads\/2025\/11\/PLGU.jpg 1535w\" sizes=\"(max-width: 217px) 100vw, 217px\" \/><\/a>\n\t\t\t<\/div>\n\t\t\t\t<figcaption class='wp-caption-text gallery-caption' id='gallery-1-6928'>\n\t\t\t\tGudrun Plieseis, Oberlehrerin &#8211; E, GPB, Klassenvorst\u00e4ndin 4a\n\t\t\t\t<\/figcaption><\/figure><figure class='gallery-item'>\n\t\t\t<div class='gallery-icon portrait'>\n\t\t\t\t<a data-elementor-open-lightbox=\"yes\" data-elementor-lightbox-slideshow=\"c43b092\" data-elementor-lightbox-title=\"PUJE\" data-e-action-hash=\"#elementor-action%3Aaction%3Dlightbox%26settings%3DeyJpZCI6NjkyOSwidXJsIjoiaHR0cHM6XC9cL2RpZ2ltaXR0ZWxzY2h1bGUyYmFkZ29pc2Vybi5hdFwvd3AtY29udGVudFwvdXBsb2Fkc1wvMjAyNVwvMTFcL1BVSkUuanBnIiwic2xpZGVzaG93IjoiYzQzYjA5MiJ9\" href='https:\/\/digimittelschule2badgoisern.at\/wp-content\/uploads\/2025\/11\/PUJE.jpg'><img loading=\"lazy\" decoding=\"async\" width=\"217\" height=\"300\" src=\"https:\/\/digimittelschule2badgoisern.at\/wp-content\/uploads\/2025\/11\/PUJE-217x300.jpg\" class=\"attachment-medium size-medium\" alt=\"\" aria-describedby=\"gallery-1-6929\" srcset=\"https:\/\/digimittelschule2badgoisern.at\/wp-content\/uploads\/2025\/11\/PUJE-217x300.jpg 217w, https:\/\/digimittelschule2badgoisern.at\/wp-content\/uploads\/2025\/11\/PUJE-739x1024.jpg 739w, https:\/\/digimittelschule2badgoisern.at\/wp-content\/uploads\/2025\/11\/PUJE-768x1064.jpg 768w, https:\/\/digimittelschule2badgoisern.at\/wp-content\/uploads\/2025\/11\/PUJE-1109x1536.jpg 1109w, https:\/\/digimittelschule2badgoisern.at\/wp-content\/uploads\/2025\/11\/PUJE-1479x2048.jpg 1479w, https:\/\/digimittelschule2badgoisern.at\/wp-content\/uploads\/2025\/11\/PUJE.jpg 1535w\" sizes=\"(max-width: 217px) 100vw, 217px\" \/><\/a>\n\t\t\t<\/div>\n\t\t\t\t<figcaption class='wp-caption-text gallery-caption' id='gallery-1-6929'>\n\t\t\t\tJennifer Pugl-Pichler, MEd., BEd., Professorin &#8211; Sonderschullehrerin 1a, Volksschullehrerin, kooperatives Lernen, digitale Grundbildung\n\t\t\t\t<\/figcaption><\/figure><figure class='gallery-item'>\n\t\t\t<div class='gallery-icon portrait'>\n\t\t\t\t<a data-elementor-open-lightbox=\"yes\" data-elementor-lightbox-slideshow=\"c43b092\" data-elementor-lightbox-title=\"_DSC2005 Kopie\" data-e-action-hash=\"#elementor-action%3Aaction%3Dlightbox%26settings%3DeyJpZCI6NjEzNSwidXJsIjoiaHR0cHM6XC9cL2RpZ2ltaXR0ZWxzY2h1bGUyYmFkZ29pc2Vybi5hdFwvd3AtY29udGVudFwvdXBsb2Fkc1wvMjAyNFwvMTFcL0RTQzIwMDUtS29waWUuanBnIiwic2xpZGVzaG93IjoiYzQzYjA5MiJ9\" href='https:\/\/digimittelschule2badgoisern.at\/wp-content\/uploads\/2024\/11\/DSC2005-Kopie.jpg'><img loading=\"lazy\" decoding=\"async\" width=\"217\" height=\"300\" src=\"https:\/\/digimittelschule2badgoisern.at\/wp-content\/uploads\/2024\/11\/DSC2005-Kopie-217x300.jpg\" class=\"attachment-medium size-medium\" alt=\"\" aria-describedby=\"gallery-1-6135\" srcset=\"https:\/\/digimittelschule2badgoisern.at\/wp-content\/uploads\/2024\/11\/DSC2005-Kopie-217x300.jpg 217w, https:\/\/digimittelschule2badgoisern.at\/wp-content\/uploads\/2024\/11\/DSC2005-Kopie-739x1024.jpg 739w, https:\/\/digimittelschule2badgoisern.at\/wp-content\/uploads\/2024\/11\/DSC2005-Kopie-768x1064.jpg 768w, https:\/\/digimittelschule2badgoisern.at\/wp-content\/uploads\/2024\/11\/DSC2005-Kopie-1109x1536.jpg 1109w, https:\/\/digimittelschule2badgoisern.at\/wp-content\/uploads\/2024\/11\/DSC2005-Kopie-1479x2048.jpg 1479w, https:\/\/digimittelschule2badgoisern.at\/wp-content\/uploads\/2024\/11\/DSC2005-Kopie.jpg 1535w\" sizes=\"(max-width: 217px) 100vw, 217px\" \/><\/a>\n\t\t\t<\/div>\n\t\t\t\t<figcaption class='wp-caption-text gallery-caption' id='gallery-1-6135'>\n\t\t\t\tStefanie Rack, BEd., Oberlehrerin &#8211; kath. Religion, Theaterp\u00e4dagogik\n\t\t\t\t<\/figcaption><\/figure><figure class='gallery-item'>\n\t\t\t<div class='gallery-icon portrait'>\n\t\t\t\t<a data-elementor-open-lightbox=\"yes\" data-elementor-lightbox-slideshow=\"c43b092\" data-elementor-lightbox-title=\"RAMA\" data-e-action-hash=\"#elementor-action%3Aaction%3Dlightbox%26settings%3DeyJpZCI6NTk2MSwidXJsIjoiaHR0cHM6XC9cL2RpZ2ltaXR0ZWxzY2h1bGUyYmFkZ29pc2Vybi5hdFwvd3AtY29udGVudFwvdXBsb2Fkc1wvMjAyNFwvMDJcL1JBTUEuanBnIiwic2xpZGVzaG93IjoiYzQzYjA5MiJ9\" href='https:\/\/digimittelschule2badgoisern.at\/wp-content\/uploads\/2024\/02\/RAMA.jpg'><img loading=\"lazy\" decoding=\"async\" width=\"217\" height=\"300\" src=\"https:\/\/digimittelschule2badgoisern.at\/wp-content\/uploads\/2024\/02\/RAMA-217x300.jpg\" class=\"attachment-medium size-medium\" alt=\"\" aria-describedby=\"gallery-1-5961\" srcset=\"https:\/\/digimittelschule2badgoisern.at\/wp-content\/uploads\/2024\/02\/RAMA-217x300.jpg 217w, https:\/\/digimittelschule2badgoisern.at\/wp-content\/uploads\/2024\/02\/RAMA-739x1024.jpg 739w, https:\/\/digimittelschule2badgoisern.at\/wp-content\/uploads\/2024\/02\/RAMA-768x1064.jpg 768w, https:\/\/digimittelschule2badgoisern.at\/wp-content\/uploads\/2024\/02\/RAMA-1109x1536.jpg 1109w, https:\/\/digimittelschule2badgoisern.at\/wp-content\/uploads\/2024\/02\/RAMA-1479x2048.jpg 1479w, https:\/\/digimittelschule2badgoisern.at\/wp-content\/uploads\/2024\/02\/RAMA.jpg 1535w\" sizes=\"(max-width: 217px) 100vw, 217px\" \/><\/a>\n\t\t\t<\/div>\n\t\t\t\t<figcaption class='wp-caption-text gallery-caption' id='gallery-1-5961'>\n\t\t\t\tMag. Martina Rastel, Lehrerin &#8211; D, E, ev. Religion, Klassenvorst\u00e4ndin 2b\n\t\t\t\t<\/figcaption><\/figure><figure class='gallery-item'>\n\t\t\t<div class='gallery-icon portrait'>\n\t\t\t\t<a data-elementor-open-lightbox=\"yes\" data-elementor-lightbox-slideshow=\"c43b092\" data-elementor-lightbox-title=\"REST\" data-e-action-hash=\"#elementor-action%3Aaction%3Dlightbox%26settings%3DeyJpZCI6NjkzMCwidXJsIjoiaHR0cHM6XC9cL2RpZ2ltaXR0ZWxzY2h1bGUyYmFkZ29pc2Vybi5hdFwvd3AtY29udGVudFwvdXBsb2Fkc1wvMjAyNVwvMTFcL1JFU1QuanBnIiwic2xpZGVzaG93IjoiYzQzYjA5MiJ9\" href='https:\/\/digimittelschule2badgoisern.at\/wp-content\/uploads\/2025\/11\/REST.jpg'><img loading=\"lazy\" decoding=\"async\" width=\"217\" height=\"300\" src=\"https:\/\/digimittelschule2badgoisern.at\/wp-content\/uploads\/2025\/11\/REST-217x300.jpg\" class=\"attachment-medium size-medium\" alt=\"\" aria-describedby=\"gallery-1-6930\" srcset=\"https:\/\/digimittelschule2badgoisern.at\/wp-content\/uploads\/2025\/11\/REST-217x300.jpg 217w, https:\/\/digimittelschule2badgoisern.at\/wp-content\/uploads\/2025\/11\/REST-739x1024.jpg 739w, https:\/\/digimittelschule2badgoisern.at\/wp-content\/uploads\/2025\/11\/REST-768x1064.jpg 768w, https:\/\/digimittelschule2badgoisern.at\/wp-content\/uploads\/2025\/11\/REST-1109x1536.jpg 1109w, https:\/\/digimittelschule2badgoisern.at\/wp-content\/uploads\/2025\/11\/REST-1479x2048.jpg 1479w, https:\/\/digimittelschule2badgoisern.at\/wp-content\/uploads\/2025\/11\/REST.jpg 1535w\" sizes=\"(max-width: 217px) 100vw, 217px\" \/><\/a>\n\t\t\t<\/div>\n\t\t\t\t<figcaption class='wp-caption-text gallery-caption' id='gallery-1-6930'>\n\t\t\t\tStefanie Reinhardt &#8211; ev. Religionslehrerin\n\t\t\t\t<\/figcaption><\/figure><figure class='gallery-item'>\n\t\t\t<div class='gallery-icon portrait'>\n\t\t\t\t<a data-elementor-open-lightbox=\"yes\" data-elementor-lightbox-slideshow=\"c43b092\" data-elementor-lightbox-title=\"R\u00d6BI\" data-e-action-hash=\"#elementor-action%3Aaction%3Dlightbox%26settings%3DeyJpZCI6NTY0NCwidXJsIjoiaHR0cHM6XC9cL2RpZ2ltaXR0ZWxzY2h1bGUyYmFkZ29pc2Vybi5hdFwvd3AtY29udGVudFwvdXBsb2Fkc1wvMjAyM1wvMTBcL1JPZUJJLTEuanBnIiwic2xpZGVzaG93IjoiYzQzYjA5MiJ9\" href='https:\/\/digimittelschule2badgoisern.at\/wp-content\/uploads\/2023\/10\/ROeBI-1.jpg'><img loading=\"lazy\" decoding=\"async\" width=\"217\" height=\"300\" src=\"https:\/\/digimittelschule2badgoisern.at\/wp-content\/uploads\/2023\/10\/ROeBI-1-217x300.jpg\" class=\"attachment-medium size-medium\" alt=\"\" aria-describedby=\"gallery-1-5644\" srcset=\"https:\/\/digimittelschule2badgoisern.at\/wp-content\/uploads\/2023\/10\/ROeBI-1-217x300.jpg 217w, https:\/\/digimittelschule2badgoisern.at\/wp-content\/uploads\/2023\/10\/ROeBI-1-739x1024.jpg 739w, https:\/\/digimittelschule2badgoisern.at\/wp-content\/uploads\/2023\/10\/ROeBI-1-768x1064.jpg 768w, https:\/\/digimittelschule2badgoisern.at\/wp-content\/uploads\/2023\/10\/ROeBI-1-1109x1536.jpg 1109w, https:\/\/digimittelschule2badgoisern.at\/wp-content\/uploads\/2023\/10\/ROeBI-1-1479x2048.jpg 1479w, https:\/\/digimittelschule2badgoisern.at\/wp-content\/uploads\/2023\/10\/ROeBI-1.jpg 1535w\" sizes=\"(max-width: 217px) 100vw, 217px\" \/><\/a>\n\t\t\t<\/div>\n\t\t\t\t<figcaption class='wp-caption-text gallery-caption' id='gallery-1-5644'>\n\t\t\t\tBirgit R\u00f6hrenbacher, Oberlehrerin &#8211; E, GPB, Praxisp\u00e4dagogin, Klassenvorst\u00e4ndin 3a\n\t\t\t\t<\/figcaption><\/figure><figure class='gallery-item'>\n\t\t\t<div class='gallery-icon portrait'>\n\t\t\t\t<a data-elementor-open-lightbox=\"yes\" data-elementor-lightbox-slideshow=\"c43b092\" data-elementor-lightbox-title=\"SAHA\" data-e-action-hash=\"#elementor-action%3Aaction%3Dlightbox%26settings%3DeyJpZCI6NTk2NiwidXJsIjoiaHR0cHM6XC9cL2RpZ2ltaXR0ZWxzY2h1bGUyYmFkZ29pc2Vybi5hdFwvd3AtY29udGVudFwvdXBsb2Fkc1wvMjAyNFwvMDJcL1NBSEEtc2NhbGVkLmpwZyIsInNsaWRlc2hvdyI6ImM0M2IwOTIifQ%3D%3D\" href='https:\/\/digimittelschule2badgoisern.at\/wp-content\/uploads\/2024\/02\/SAHA-scaled.jpg'><img loading=\"lazy\" decoding=\"async\" width=\"214\" height=\"300\" src=\"https:\/\/digimittelschule2badgoisern.at\/wp-content\/uploads\/2024\/02\/SAHA-214x300.jpg\" class=\"attachment-medium size-medium\" alt=\"\" aria-describedby=\"gallery-1-5966\" srcset=\"https:\/\/digimittelschule2badgoisern.at\/wp-content\/uploads\/2024\/02\/SAHA-214x300.jpg 214w, https:\/\/digimittelschule2badgoisern.at\/wp-content\/uploads\/2024\/02\/SAHA-731x1024.jpg 731w, https:\/\/digimittelschule2badgoisern.at\/wp-content\/uploads\/2024\/02\/SAHA-768x1075.jpg 768w, https:\/\/digimittelschule2badgoisern.at\/wp-content\/uploads\/2024\/02\/SAHA-1097x1536.jpg 1097w, https:\/\/digimittelschule2badgoisern.at\/wp-content\/uploads\/2024\/02\/SAHA-1463x2048.jpg 1463w, https:\/\/digimittelschule2badgoisern.at\/wp-content\/uploads\/2024\/02\/SAHA-scaled.jpg 1829w\" sizes=\"(max-width: 214px) 100vw, 214px\" \/><\/a>\n\t\t\t<\/div>\n\t\t\t\t<figcaption class='wp-caption-text gallery-caption' id='gallery-1-5966'>\n\t\t\t\tHarald Sailer, Oberlehrer &#8211; M, TD, Klassenvorstand 1a\n\t\t\t\t<\/figcaption><\/figure><figure class='gallery-item'>\n\t\t\t<div class='gallery-icon portrait'>\n\t\t\t\t<a data-elementor-open-lightbox=\"yes\" data-elementor-lightbox-slideshow=\"c43b092\" data-elementor-lightbox-title=\"STDO\" data-e-action-hash=\"#elementor-action%3Aaction%3Dlightbox%26settings%3DeyJpZCI6NjkzMiwidXJsIjoiaHR0cHM6XC9cL2RpZ2ltaXR0ZWxzY2h1bGUyYmFkZ29pc2Vybi5hdFwvd3AtY29udGVudFwvdXBsb2Fkc1wvMjAyNVwvMTFcL1NURE8uanBnIiwic2xpZGVzaG93IjoiYzQzYjA5MiJ9\" href='https:\/\/digimittelschule2badgoisern.at\/wp-content\/uploads\/2025\/11\/STDO.jpg'><img loading=\"lazy\" decoding=\"async\" width=\"217\" height=\"300\" src=\"https:\/\/digimittelschule2badgoisern.at\/wp-content\/uploads\/2025\/11\/STDO-217x300.jpg\" class=\"attachment-medium size-medium\" alt=\"\" aria-describedby=\"gallery-1-6932\" srcset=\"https:\/\/digimittelschule2badgoisern.at\/wp-content\/uploads\/2025\/11\/STDO-217x300.jpg 217w, https:\/\/digimittelschule2badgoisern.at\/wp-content\/uploads\/2025\/11\/STDO-739x1024.jpg 739w, https:\/\/digimittelschule2badgoisern.at\/wp-content\/uploads\/2025\/11\/STDO-768x1064.jpg 768w, https:\/\/digimittelschule2badgoisern.at\/wp-content\/uploads\/2025\/11\/STDO-1109x1536.jpg 1109w, https:\/\/digimittelschule2badgoisern.at\/wp-content\/uploads\/2025\/11\/STDO-1479x2048.jpg 1479w, https:\/\/digimittelschule2badgoisern.at\/wp-content\/uploads\/2025\/11\/STDO.jpg 1535w\" sizes=\"(max-width: 217px) 100vw, 217px\" \/><\/a>\n\t\t\t<\/div>\n\t\t\t\t<figcaption class='wp-caption-text gallery-caption' id='gallery-1-6932'>\n\t\t\t\tDoris Stieger, MA., BEd., Professorin &#8211; Sonderschullehrerin 1a, Beraterin und Trainerin in Legasthenie\n\t\t\t\t<\/figcaption><\/figure><figure class='gallery-item'>\n\t\t\t<div class='gallery-icon portrait'>\n\t\t\t\t<a data-elementor-open-lightbox=\"yes\" data-elementor-lightbox-slideshow=\"c43b092\" data-elementor-lightbox-title=\"IMG-20221010-WA0000\" data-e-action-hash=\"#elementor-action%3Aaction%3Dlightbox%26settings%3DeyJpZCI6NDkyNSwidXJsIjoiaHR0cHM6XC9cL2RpZ2ltaXR0ZWxzY2h1bGUyYmFkZ29pc2Vybi5hdFwvd3AtY29udGVudFwvdXBsb2Fkc1wvMjAyMlwvMTBcL0lNRy0yMDIyMTAxMC1XQTAwMDAuanBnIiwic2xpZGVzaG93IjoiYzQzYjA5MiJ9\" href='https:\/\/digimittelschule2badgoisern.at\/wp-content\/uploads\/2022\/10\/IMG-20221010-WA0000.jpg'><img loading=\"lazy\" decoding=\"async\" width=\"225\" height=\"300\" src=\"https:\/\/digimittelschule2badgoisern.at\/wp-content\/uploads\/2022\/10\/IMG-20221010-WA0000-225x300.jpg\" class=\"attachment-medium size-medium\" alt=\"\" aria-describedby=\"gallery-1-4925\" srcset=\"https:\/\/digimittelschule2badgoisern.at\/wp-content\/uploads\/2022\/10\/IMG-20221010-WA0000-225x300.jpg 225w, https:\/\/digimittelschule2badgoisern.at\/wp-content\/uploads\/2022\/10\/IMG-20221010-WA0000-768x1024.jpg 768w, https:\/\/digimittelschule2badgoisern.at\/wp-content\/uploads\/2022\/10\/IMG-20221010-WA0000-1152x1536.jpg 1152w, https:\/\/digimittelschule2badgoisern.at\/wp-content\/uploads\/2022\/10\/IMG-20221010-WA0000.jpg 1200w\" sizes=\"(max-width: 225px) 100vw, 225px\" \/><\/a>\n\t\t\t<\/div>\n\t\t\t\t<figcaption class='wp-caption-text gallery-caption' id='gallery-1-4925'>\n\t\t\t\tElke Stieger &#8211; Schulassistentin 3a, 4a\n\t\t\t\t<\/figcaption><\/figure><figure class='gallery-item'>\n\t\t\t<div class='gallery-icon portrait'>\n\t\t\t\t<a data-elementor-open-lightbox=\"yes\" data-elementor-lightbox-slideshow=\"c43b092\" data-elementor-lightbox-title=\"VIST\" data-e-action-hash=\"#elementor-action%3Aaction%3Dlightbox%26settings%3DeyJpZCI6NzI1MSwidXJsIjoiaHR0cHM6XC9cL2RpZ2ltaXR0ZWxzY2h1bGUyYmFkZ29pc2Vybi5hdFwvd3AtY29udGVudFwvdXBsb2Fkc1wvMjAyNlwvMDNcL1ZJU1QuanBnIiwic2xpZGVzaG93IjoiYzQzYjA5MiJ9\" href='https:\/\/digimittelschule2badgoisern.at\/wp-content\/uploads\/2026\/03\/VIST.jpg'><img loading=\"lazy\" decoding=\"async\" width=\"195\" height=\"298\" src=\"https:\/\/digimittelschule2badgoisern.at\/wp-content\/uploads\/2026\/03\/VIST.jpg\" class=\"attachment-medium size-medium\" alt=\"\" aria-describedby=\"gallery-1-7251\" \/><\/a>\n\t\t\t<\/div>\n\t\t\t\t<figcaption class='wp-caption-text gallery-caption' id='gallery-1-7251'>\n\t\t\t\tViktoria Stockinger-Brait, BA., Professorin, P\u00e4dagogin\n\t\t\t\t<\/figcaption><\/figure><figure class='gallery-item'>\n\t\t\t<div class='gallery-icon portrait'>\n\t\t\t\t<a data-elementor-open-lightbox=\"yes\" data-elementor-lightbox-slideshow=\"c43b092\" data-elementor-lightbox-title=\"TIME\" data-e-action-hash=\"#elementor-action%3Aaction%3Dlightbox%26settings%3DeyJpZCI6NjkzMywidXJsIjoiaHR0cHM6XC9cL2RpZ2ltaXR0ZWxzY2h1bGUyYmFkZ29pc2Vybi5hdFwvd3AtY29udGVudFwvdXBsb2Fkc1wvMjAyNVwvMTFcL1RJTUUuanBnIiwic2xpZGVzaG93IjoiYzQzYjA5MiJ9\" href='https:\/\/digimittelschule2badgoisern.at\/wp-content\/uploads\/2025\/11\/TIME.jpg'><img loading=\"lazy\" decoding=\"async\" width=\"217\" height=\"300\" src=\"https:\/\/digimittelschule2badgoisern.at\/wp-content\/uploads\/2025\/11\/TIME-217x300.jpg\" class=\"attachment-medium size-medium\" alt=\"\" aria-describedby=\"gallery-1-6933\" srcset=\"https:\/\/digimittelschule2badgoisern.at\/wp-content\/uploads\/2025\/11\/TIME-217x300.jpg 217w, https:\/\/digimittelschule2badgoisern.at\/wp-content\/uploads\/2025\/11\/TIME-739x1024.jpg 739w, https:\/\/digimittelschule2badgoisern.at\/wp-content\/uploads\/2025\/11\/TIME-768x1064.jpg 768w, https:\/\/digimittelschule2badgoisern.at\/wp-content\/uploads\/2025\/11\/TIME-1109x1536.jpg 1109w, https:\/\/digimittelschule2badgoisern.at\/wp-content\/uploads\/2025\/11\/TIME-1479x2048.jpg 1479w, https:\/\/digimittelschule2badgoisern.at\/wp-content\/uploads\/2025\/11\/TIME.jpg 1535w\" sizes=\"(max-width: 217px) 100vw, 217px\" \/><\/a>\n\t\t\t<\/div>\n\t\t\t\t<figcaption class='wp-caption-text gallery-caption' id='gallery-1-6933'>\n\t\t\t\tMelanie Tiefenbacher, BEd., Lehrerin &#8211; D, E, GPB, Q-Schulkoordinatorin \n\t\t\t\t<\/figcaption><\/figure><figure class='gallery-item'>\n\t\t\t<div class='gallery-icon portrait'>\n\t\t\t\t<a data-elementor-open-lightbox=\"yes\" data-elementor-lightbox-slideshow=\"c43b092\" data-elementor-lightbox-title=\"_DSC1996 Kopie\" data-e-action-hash=\"#elementor-action%3Aaction%3Dlightbox%26settings%3DeyJpZCI6NjEzMywidXJsIjoiaHR0cHM6XC9cL2RpZ2ltaXR0ZWxzY2h1bGUyYmFkZ29pc2Vybi5hdFwvd3AtY29udGVudFwvdXBsb2Fkc1wvMjAyNFwvMTFcL0RTQzE5OTYtS29waWUuanBnIiwic2xpZGVzaG93IjoiYzQzYjA5MiJ9\" href='https:\/\/digimittelschule2badgoisern.at\/wp-content\/uploads\/2024\/11\/DSC1996-Kopie.jpg'><img loading=\"lazy\" decoding=\"async\" width=\"217\" height=\"300\" src=\"https:\/\/digimittelschule2badgoisern.at\/wp-content\/uploads\/2024\/11\/DSC1996-Kopie-217x300.jpg\" class=\"attachment-medium size-medium\" alt=\"\" aria-describedby=\"gallery-1-6133\" srcset=\"https:\/\/digimittelschule2badgoisern.at\/wp-content\/uploads\/2024\/11\/DSC1996-Kopie-217x300.jpg 217w, https:\/\/digimittelschule2badgoisern.at\/wp-content\/uploads\/2024\/11\/DSC1996-Kopie-739x1024.jpg 739w, https:\/\/digimittelschule2badgoisern.at\/wp-content\/uploads\/2024\/11\/DSC1996-Kopie-768x1064.jpg 768w, https:\/\/digimittelschule2badgoisern.at\/wp-content\/uploads\/2024\/11\/DSC1996-Kopie-1109x1536.jpg 1109w, https:\/\/digimittelschule2badgoisern.at\/wp-content\/uploads\/2024\/11\/DSC1996-Kopie-1479x2048.jpg 1479w, https:\/\/digimittelschule2badgoisern.at\/wp-content\/uploads\/2024\/11\/DSC1996-Kopie.jpg 1535w\" sizes=\"(max-width: 217px) 100vw, 217px\" \/><\/a>\n\t\t\t<\/div>\n\t\t\t\t<figcaption class='wp-caption-text gallery-caption' id='gallery-1-6133'>\n\t\t\t\tSara Unterberger, BEd., Lehrerin \u2013 D, BSP, Klassenvorst\u00e4ndin 2b\n\t\t\t\t<\/figcaption><\/figure><figure class='gallery-item'>\n\t\t\t<div class='gallery-icon portrait'>\n\t\t\t\t<a data-elementor-open-lightbox=\"yes\" data-elementor-lightbox-slideshow=\"c43b092\" data-elementor-lightbox-title=\"_DSC2158 Kopie\" data-e-action-hash=\"#elementor-action%3Aaction%3Dlightbox%26settings%3DeyJpZCI6NjEzNywidXJsIjoiaHR0cHM6XC9cL2RpZ2ltaXR0ZWxzY2h1bGUyYmFkZ29pc2Vybi5hdFwvd3AtY29udGVudFwvdXBsb2Fkc1wvMjAyNFwvMTFcL0RTQzIxNTgtS29waWUuanBnIiwic2xpZGVzaG93IjoiYzQzYjA5MiJ9\" href='https:\/\/digimittelschule2badgoisern.at\/wp-content\/uploads\/2024\/11\/DSC2158-Kopie.jpg'><img loading=\"lazy\" decoding=\"async\" width=\"217\" height=\"300\" src=\"https:\/\/digimittelschule2badgoisern.at\/wp-content\/uploads\/2024\/11\/DSC2158-Kopie-217x300.jpg\" class=\"attachment-medium size-medium\" alt=\"\" aria-describedby=\"gallery-1-6137\" srcset=\"https:\/\/digimittelschule2badgoisern.at\/wp-content\/uploads\/2024\/11\/DSC2158-Kopie-217x300.jpg 217w, https:\/\/digimittelschule2badgoisern.at\/wp-content\/uploads\/2024\/11\/DSC2158-Kopie-739x1024.jpg 739w, https:\/\/digimittelschule2badgoisern.at\/wp-content\/uploads\/2024\/11\/DSC2158-Kopie-768x1064.jpg 768w, https:\/\/digimittelschule2badgoisern.at\/wp-content\/uploads\/2024\/11\/DSC2158-Kopie-1109x1536.jpg 1109w, https:\/\/digimittelschule2badgoisern.at\/wp-content\/uploads\/2024\/11\/DSC2158-Kopie-1479x2048.jpg 1479w, https:\/\/digimittelschule2badgoisern.at\/wp-content\/uploads\/2024\/11\/DSC2158-Kopie.jpg 1535w\" sizes=\"(max-width: 217px) 100vw, 217px\" \/><\/a>\n\t\t\t<\/div>\n\t\t\t\t<figcaption class='wp-caption-text gallery-caption' id='gallery-1-6137'>\n\t\t\t\tJulia Urst\u00f6ger &#8211; Schulassistentin 2a\n\t\t\t\t<\/figcaption><\/figure><figure class='gallery-item'>\n\t\t\t<div class='gallery-icon portrait'>\n\t\t\t\t<a data-elementor-open-lightbox=\"yes\" data-elementor-lightbox-slideshow=\"c43b092\" data-elementor-lightbox-title=\"WICH\" data-e-action-hash=\"#elementor-action%3Aaction%3Dlightbox%26settings%3DeyJpZCI6NTk2NywidXJsIjoiaHR0cHM6XC9cL2RpZ2ltaXR0ZWxzY2h1bGUyYmFkZ29pc2Vybi5hdFwvd3AtY29udGVudFwvdXBsb2Fkc1wvMjAyNFwvMDJcL1dJQ0gtc2NhbGVkLmpwZyIsInNsaWRlc2hvdyI6ImM0M2IwOTIifQ%3D%3D\" href='https:\/\/digimittelschule2badgoisern.at\/wp-content\/uploads\/2024\/02\/WICH-scaled.jpg'><img loading=\"lazy\" decoding=\"async\" width=\"214\" height=\"300\" src=\"https:\/\/digimittelschule2badgoisern.at\/wp-content\/uploads\/2024\/02\/WICH-214x300.jpg\" class=\"attachment-medium size-medium\" alt=\"\" aria-describedby=\"gallery-1-5967\" srcset=\"https:\/\/digimittelschule2badgoisern.at\/wp-content\/uploads\/2024\/02\/WICH-214x300.jpg 214w, https:\/\/digimittelschule2badgoisern.at\/wp-content\/uploads\/2024\/02\/WICH-732x1024.jpg 732w, https:\/\/digimittelschule2badgoisern.at\/wp-content\/uploads\/2024\/02\/WICH-768x1075.jpg 768w, https:\/\/digimittelschule2badgoisern.at\/wp-content\/uploads\/2024\/02\/WICH-1097x1536.jpg 1097w, https:\/\/digimittelschule2badgoisern.at\/wp-content\/uploads\/2024\/02\/WICH-1463x2048.jpg 1463w, https:\/\/digimittelschule2badgoisern.at\/wp-content\/uploads\/2024\/02\/WICH-scaled.jpg 1829w\" sizes=\"(max-width: 214px) 100vw, 214px\" \/><\/a>\n\t\t\t<\/div>\n\t\t\t\t<figcaption class='wp-caption-text gallery-caption' id='gallery-1-5967'>\n\t\t\t\tChristian Wiesinger, BEd., Oberlehrer &#8211; E, TD, BSP, Sch\u00fcler\/innen- und Bildungsberater, Klassenvorstand 2a\n\t\t\t\t<\/figcaption><\/figure><figure class='gallery-item'>\n\t\t\t<div class='gallery-icon portrait'>\n\t\t\t\t<a data-elementor-open-lightbox=\"yes\" data-elementor-lightbox-slideshow=\"c43b092\" data-elementor-lightbox-title=\"WIIS\" data-e-action-hash=\"#elementor-action%3Aaction%3Dlightbox%26settings%3DeyJpZCI6NjkzNCwidXJsIjoiaHR0cHM6XC9cL2RpZ2ltaXR0ZWxzY2h1bGUyYmFkZ29pc2Vybi5hdFwvd3AtY29udGVudFwvdXBsb2Fkc1wvMjAyNVwvMTFcL1dJSVMuanBnIiwic2xpZGVzaG93IjoiYzQzYjA5MiJ9\" href='https:\/\/digimittelschule2badgoisern.at\/wp-content\/uploads\/2025\/11\/WIIS.jpg'><img loading=\"lazy\" decoding=\"async\" width=\"217\" height=\"300\" src=\"https:\/\/digimittelschule2badgoisern.at\/wp-content\/uploads\/2025\/11\/WIIS-217x300.jpg\" class=\"attachment-medium size-medium\" alt=\"\" aria-describedby=\"gallery-1-6934\" srcset=\"https:\/\/digimittelschule2badgoisern.at\/wp-content\/uploads\/2025\/11\/WIIS-217x300.jpg 217w, https:\/\/digimittelschule2badgoisern.at\/wp-content\/uploads\/2025\/11\/WIIS-739x1024.jpg 739w, https:\/\/digimittelschule2badgoisern.at\/wp-content\/uploads\/2025\/11\/WIIS-768x1064.jpg 768w, https:\/\/digimittelschule2badgoisern.at\/wp-content\/uploads\/2025\/11\/WIIS-1109x1536.jpg 1109w, https:\/\/digimittelschule2badgoisern.at\/wp-content\/uploads\/2025\/11\/WIIS-1479x2048.jpg 1479w, https:\/\/digimittelschule2badgoisern.at\/wp-content\/uploads\/2025\/11\/WIIS.jpg 1535w\" sizes=\"(max-width: 217px) 100vw, 217px\" \/><\/a>\n\t\t\t<\/div>\n\t\t\t\t<figcaption class='wp-caption-text gallery-caption' id='gallery-1-6934'>\n\t\t\t\tIsabella Winterauer, BEd., Professorin &#8211; M, BUB, Klassenvorst\u00e4ndin 3b\n\t\t\t\t<\/figcaption><\/figure><figure class='gallery-item'>\n\t\t\t<div class='gallery-icon portrait'>\n\t\t\t\t<a data-elementor-open-lightbox=\"yes\" data-elementor-lightbox-slideshow=\"c43b092\" data-elementor-lightbox-title=\"W\u00d6BA\" data-e-action-hash=\"#elementor-action%3Aaction%3Dlightbox%26settings%3DeyJpZCI6NjkzNSwidXJsIjoiaHR0cHM6XC9cL2RpZ2ltaXR0ZWxzY2h1bGUyYmFkZ29pc2Vybi5hdFwvd3AtY29udGVudFwvdXBsb2Fkc1wvMjAyNVwvMTFcL1dPZUJBLmpwZyIsInNsaWRlc2hvdyI6ImM0M2IwOTIifQ%3D%3D\" href='https:\/\/digimittelschule2badgoisern.at\/wp-content\/uploads\/2025\/11\/WOeBA.jpg'><img loading=\"lazy\" decoding=\"async\" width=\"217\" height=\"300\" src=\"https:\/\/digimittelschule2badgoisern.at\/wp-content\/uploads\/2025\/11\/WOeBA-217x300.jpg\" class=\"attachment-medium size-medium\" alt=\"\" aria-describedby=\"gallery-1-6935\" srcset=\"https:\/\/digimittelschule2badgoisern.at\/wp-content\/uploads\/2025\/11\/WOeBA-217x300.jpg 217w, https:\/\/digimittelschule2badgoisern.at\/wp-content\/uploads\/2025\/11\/WOeBA-739x1024.jpg 739w, https:\/\/digimittelschule2badgoisern.at\/wp-content\/uploads\/2025\/11\/WOeBA-768x1064.jpg 768w, https:\/\/digimittelschule2badgoisern.at\/wp-content\/uploads\/2025\/11\/WOeBA-1109x1536.jpg 1109w, https:\/\/digimittelschule2badgoisern.at\/wp-content\/uploads\/2025\/11\/WOeBA-1479x2048.jpg 1479w, https:\/\/digimittelschule2badgoisern.at\/wp-content\/uploads\/2025\/11\/WOeBA.jpg 1535w\" sizes=\"(max-width: 217px) 100vw, 217px\" \/><\/a>\n\t\t\t<\/div>\n\t\t\t\t<figcaption class='wp-caption-text gallery-caption' id='gallery-1-6935'>\n\t\t\t\tBarbara W\u00f6gerbauer-Windhager, Lehrerin &#8211; D, TD, BBO, Freizeitp\u00e4dagogin, Erste-Hilfe-Beauftragte, Klassenvorst\u00e4ndin 4b\n\t\t\t\t<\/figcaption><\/figure><figure class='gallery-item'>\n\t\t\t<div class='gallery-icon portrait'>\n\t\t\t\t<a data-elementor-open-lightbox=\"yes\" data-elementor-lightbox-slideshow=\"c43b092\" data-elementor-lightbox-title=\"ZAAN\" data-e-action-hash=\"#elementor-action%3Aaction%3Dlightbox%26settings%3DeyJpZCI6NjkzNiwidXJsIjoiaHR0cHM6XC9cL2RpZ2ltaXR0ZWxzY2h1bGUyYmFkZ29pc2Vybi5hdFwvd3AtY29udGVudFwvdXBsb2Fkc1wvMjAyNVwvMTFcL1pBQU4uanBnIiwic2xpZGVzaG93IjoiYzQzYjA5MiJ9\" href='https:\/\/digimittelschule2badgoisern.at\/wp-content\/uploads\/2025\/11\/ZAAN.jpg'><img loading=\"lazy\" decoding=\"async\" width=\"217\" height=\"300\" src=\"https:\/\/digimittelschule2badgoisern.at\/wp-content\/uploads\/2025\/11\/ZAAN-217x300.jpg\" class=\"attachment-medium size-medium\" alt=\"\" aria-describedby=\"gallery-1-6936\" srcset=\"https:\/\/digimittelschule2badgoisern.at\/wp-content\/uploads\/2025\/11\/ZAAN-217x300.jpg 217w, https:\/\/digimittelschule2badgoisern.at\/wp-content\/uploads\/2025\/11\/ZAAN-739x1024.jpg 739w, https:\/\/digimittelschule2badgoisern.at\/wp-content\/uploads\/2025\/11\/ZAAN-768x1064.jpg 768w, https:\/\/digimittelschule2badgoisern.at\/wp-content\/uploads\/2025\/11\/ZAAN-1109x1536.jpg 1109w, https:\/\/digimittelschule2badgoisern.at\/wp-content\/uploads\/2025\/11\/ZAAN-1479x2048.jpg 1479w, https:\/\/digimittelschule2badgoisern.at\/wp-content\/uploads\/2025\/11\/ZAAN.jpg 1535w\" sizes=\"(max-width: 217px) 100vw, 217px\" \/><\/a>\n\t\t\t<\/div>\n\t\t\t\t<figcaption class='wp-caption-text gallery-caption' id='gallery-1-6936'>\n\t\t\t\tAndrea Zauner, BEd., Oberlehrerin &#8211; D, GPB, Schulbibliothekarin, Klassenvorst\u00e4ndin 1b\n\t\t\t\t<\/figcaption><\/figure><figure class='gallery-item'>\n\t\t\t<div class='gallery-icon portrait'>\n\t\t\t\t<a data-elementor-open-lightbox=\"yes\" data-elementor-lightbox-slideshow=\"c43b092\" data-elementor-lightbox-title=\"ZOAN\" data-e-action-hash=\"#elementor-action%3Aaction%3Dlightbox%26settings%3DeyJpZCI6NTk2OSwidXJsIjoiaHR0cHM6XC9cL2RpZ2ltaXR0ZWxzY2h1bGUyYmFkZ29pc2Vybi5hdFwvd3AtY29udGVudFwvdXBsb2Fkc1wvMjAyNFwvMDJcL1pPQU4tc2NhbGVkLmpwZyIsInNsaWRlc2hvdyI6ImM0M2IwOTIifQ%3D%3D\" href='https:\/\/digimittelschule2badgoisern.at\/wp-content\/uploads\/2024\/02\/ZOAN-scaled.jpg'><img loading=\"lazy\" decoding=\"async\" width=\"214\" height=\"300\" src=\"https:\/\/digimittelschule2badgoisern.at\/wp-content\/uploads\/2024\/02\/ZOAN-214x300.jpg\" class=\"attachment-medium size-medium\" alt=\"\" aria-describedby=\"gallery-1-5969\" srcset=\"https:\/\/digimittelschule2badgoisern.at\/wp-content\/uploads\/2024\/02\/ZOAN-214x300.jpg 214w, https:\/\/digimittelschule2badgoisern.at\/wp-content\/uploads\/2024\/02\/ZOAN-731x1024.jpg 731w, https:\/\/digimittelschule2badgoisern.at\/wp-content\/uploads\/2024\/02\/ZOAN-768x1075.jpg 768w, https:\/\/digimittelschule2badgoisern.at\/wp-content\/uploads\/2024\/02\/ZOAN-1097x1536.jpg 1097w, https:\/\/digimittelschule2badgoisern.at\/wp-content\/uploads\/2024\/02\/ZOAN-1463x2048.jpg 1463w, https:\/\/digimittelschule2badgoisern.at\/wp-content\/uploads\/2024\/02\/ZOAN-scaled.jpg 1828w\" sizes=\"(max-width: 214px) 100vw, 214px\" \/><\/a>\n\t\t\t<\/div>\n\t\t\t\t<figcaption class='wp-caption-text gallery-caption' id='gallery-1-5969'>\n\t\t\t\tAngelika Zopf, Oberlehrerin &#8211; D, BSP\n\t\t\t\t<\/figcaption><\/figure>\n\t\t<\/div>\n\t\t<\/div>\n\t\t\t\t<\/div>\n\t\t\t\t<\/div>\n\t\t\t\t<div class=\"elementor-element elementor-element-1735352 elementor-widget elementor-widget-spacer\" data-id=\"1735352\" data-element_type=\"widget\" data-widget_type=\"spacer.default\">\n\t\t\t\t<div class=\"elementor-widget-container\">\n\t\t\t\t\t<div class=\"elementor-spacer\">\n\t\t\t<div class=\"elementor-spacer-inner\"><\/div>\n\t\t<\/div>\n\t\t\t\t<\/div>\n\t\t\t\t<\/div>\n\t\t\t\t\t<\/div>\n\t\t<\/div>\n\t\t\t\t\t<\/div>\n\t\t<\/section>\n\t\t\t\t<\/div>\n\t\t","protected":false},"excerpt":{"rendered":"<p>OSR Mag. Brigitte Atzmanstorfer &#8211; Direktorin Thomas Albeseder, Oberlehrer &#8211; M, PH, CH, Sch\u00fcler\/innen- und Berufsberater Irina Brettner, BEd., BEd., Professorin &#8211; Sonderschullehrerin 3a, Volksschullehrerin Gabriela Denk, Lehramtsstudentin &#8211; D, GPB, Klassenvorst\u00e4ndin 1b Katharina Eisl, BA., Professorin, Betriebs- und Wirtschaftspsychologin, Damenkleidermacherin (Meisterin) Claudia Engleitner-Grundner &#8211; Schulassistentin 2a Sabine Gamsj\u00e4ger-Jachs, Lehrerin &#8211; D, GPB, D-Koordinatorin Doris [&hellip;]<\/p>\n","protected":false},"author":1,"featured_media":0,"parent":0,"menu_order":0,"comment_status":"closed","ping_status":"closed","template":"","meta":{"ocean_post_layout":"","ocean_both_sidebars_style":"","ocean_both_sidebars_content_width":0,"ocean_both_sidebars_sidebars_width":0,"ocean_sidebar":"0","ocean_second_sidebar":"0","ocean_disable_margins":"enable","ocean_add_body_class":"","ocean_shortcode_before_top_bar":"","ocean_shortcode_after_top_bar":"","ocean_shortcode_before_header":"","ocean_shortcode_after_header":"","ocean_has_shortcode":"","ocean_shortcode_after_title":"","ocean_shortcode_before_footer_widgets":"","ocean_shortcode_after_footer_widgets":"","ocean_shortcode_before_footer_bottom":"","ocean_shortcode_after_footer_bottom":"","ocean_display_top_bar":"default","ocean_display_header":"default","ocean_header_style":"","ocean_center_header_left_menu":"0","ocean_custom_header_template":"0","ocean_custom_logo":0,"ocean_custom_retina_logo":0,"ocean_custom_logo_max_width":0,"ocean_custom_logo_tablet_max_width":0,"ocean_custom_logo_mobile_max_width":0,"ocean_custom_logo_max_height":0,"ocean_custom_logo_tablet_max_height":0,"ocean_custom_logo_mobile_max_height":0,"ocean_header_custom_menu":"0","ocean_menu_typo_font_family":"0","ocean_menu_typo_font_subset":"","ocean_menu_typo_font_size":0,"ocean_menu_typo_font_size_tablet":0,"ocean_menu_typo_font_size_mobile":0,"ocean_menu_typo_font_size_unit":"px","ocean_menu_typo_font_weight":"","ocean_menu_typo_font_weight_tablet":"","ocean_menu_typo_font_weight_mobile":"","ocean_menu_typo_transform":"","ocean_menu_typo_transform_tablet":"","ocean_menu_typo_transform_mobile":"","ocean_menu_typo_line_height":0,"ocean_menu_typo_line_height_tablet":0,"ocean_menu_typo_line_height_mobile":0,"ocean_menu_typo_line_height_unit":"","ocean_menu_typo_spacing":0,"ocean_menu_typo_spacing_tablet":0,"ocean_menu_typo_spacing_mobile":0,"ocean_menu_typo_spacing_unit":"","ocean_menu_link_color":"","ocean_menu_link_color_hover":"","ocean_menu_link_color_active":"","ocean_menu_link_background":"","ocean_menu_link_hover_background":"","ocean_menu_link_active_background":"","ocean_menu_social_links_bg":"","ocean_menu_social_hover_links_bg":"","ocean_menu_social_links_color":"","ocean_menu_social_hover_links_color":"","ocean_disable_title":"default","ocean_disable_heading":"default","ocean_post_title":"","ocean_post_subheading":"","ocean_post_title_style":"","ocean_post_title_background_color":"","ocean_post_title_background":0,"ocean_post_title_bg_image_position":"","ocean_post_title_bg_image_attachment":"","ocean_post_title_bg_image_repeat":"","ocean_post_title_bg_image_size":"","ocean_post_title_height":0,"ocean_post_title_bg_overlay":0.5,"ocean_post_title_bg_overlay_color":"","ocean_disable_breadcrumbs":"default","ocean_breadcrumbs_color":"","ocean_breadcrumbs_separator_color":"","ocean_breadcrumbs_links_color":"","ocean_breadcrumbs_links_hover_color":"","ocean_display_footer_widgets":"default","ocean_display_footer_bottom":"default","ocean_custom_footer_template":"0","footnotes":""},"class_list":["post-29","page","type-page","status-publish","hentry","entry"],"_links":{"self":[{"href":"https:\/\/digimittelschule2badgoisern.at\/index.php?rest_route=\/wp\/v2\/pages\/29","targetHints":{"allow":["GET"]}}],"collection":[{"href":"https:\/\/digimittelschule2badgoisern.at\/index.php?rest_route=\/wp\/v2\/pages"}],"about":[{"href":"https:\/\/digimittelschule2badgoisern.at\/index.php?rest_route=\/wp\/v2\/types\/page"}],"author":[{"embeddable":true,"href":"https:\/\/digimittelschule2badgoisern.at\/index.php?rest_route=\/wp\/v2\/users\/1"}],"replies":[{"embeddable":true,"href":"https:\/\/digimittelschule2badgoisern.at\/index.php?rest_route=%2Fwp%2Fv2%2Fcomments&post=29"}],"version-history":[{"count":236,"href":"https:\/\/digimittelschule2badgoisern.at\/index.php?rest_route=\/wp\/v2\/pages\/29\/revisions"}],"predecessor-version":[{"id":7255,"href":"https:\/\/digimittelschule2badgoisern.at\/index.php?rest_route=\/wp\/v2\/pages\/29\/revisions\/7255"}],"wp:attachment":[{"href":"https:\/\/digimittelschule2badgoisern.at\/index.php?rest_route=%2Fwp%2Fv2%2Fmedia&parent=29"}],"curies":[{"name":"wp","href":"https:\/\/api.w.org\/{rel}","templated":true}]}}