{"id":45,"date":"2020-08-25T16:50:13","date_gmt":"2020-08-25T16:50:13","guid":{"rendered":"https:\/\/digimittelschule2badgoisern.at\/?page_id=45"},"modified":"2022-09-30T10:38:10","modified_gmt":"2022-09-30T10:38:10","slug":"bewegte-schule","status":"publish","type":"page","link":"https:\/\/digimittelschule2badgoisern.at\/?page_id=45","title":{"rendered":"Bewegte Schule"},"content":{"rendered":"\t\t<div data-elementor-type=\"wp-page\" data-elementor-id=\"45\" class=\"elementor elementor-45\" data-elementor-post-type=\"page\">\n\t\t\t\t\t\t<section class=\"elementor-section elementor-top-section elementor-element elementor-element-a2a839a elementor-section-boxed elementor-section-height-default elementor-section-height-default\" data-id=\"a2a839a\" data-element_type=\"section\">\n\t\t\t\t\t\t<div class=\"elementor-container elementor-column-gap-default\">\n\t\t\t\t\t<div class=\"elementor-column elementor-col-100 elementor-top-column elementor-element elementor-element-da5ed76\" data-id=\"da5ed76\" data-element_type=\"column\">\n\t\t\t<div class=\"elementor-widget-wrap elementor-element-populated\">\n\t\t\t\t\t\t<div class=\"elementor-element elementor-element-110036d elementor-widget elementor-widget-text-editor\" data-id=\"110036d\" data-element_type=\"widget\" data-widget_type=\"text-editor.default\">\n\t\t\t\t<div class=\"elementor-widget-container\">\n\t\t\t\t\t\t\t<p><strong><span style=\"color: #000000;\">Mountainbike<br \/><\/span><\/strong><span style=\"color: #000000;\">F\u00fcr interessierte Sch\u00fclerinnen und Sch\u00fcler besteht die M\u00f6glichkeit, gef\u00fchrte Ausfahrten mit dem Mountainbike zu unternehmen. Die staatlich gepr\u00fcfte Mountainbike-Trainerin und Staatsmeisterin im Downhill Elke Rabeder bietet gemeinsam mit Mountainbike-Trainer Christian Wiesinger eine fachgerechte Schulung im Bereich Fahrtechnik im Gel\u00e4nde an.<\/span><\/p><p><strong><span style=\"color: #000000;\">Klettern<br \/><\/span><\/strong><span style=\"color: #000000;\">Sportklettern hat sich zu einem Trendsport entwickelt und wird an unserer Schule als Unverbindliche \u00dcbung angeboten. Die \u00dcbungsleiter Barbara H\u00f6ller und Christian Wiesinger bringen den Sch\u00fclerinnen und Sch\u00fclern zun\u00e4chst den fachgerechten Umgang mit den Sicherungsger\u00e4ten bei. Daraufhin wird in der Kletterhalle und den umliegenden nat\u00fcrlichen Kletterw\u00e4nden mit Ausdauer und Begeisterung trainiert.<\/span><\/p><h5 style=\"text-align: left;\"><span style=\"font-weight: normal; color: #000000;\"><b>Morgensport<\/b><br \/>T\u00e4glich zwischen 7:00 Uhr und 7:25 Uhr besteht f\u00fcr alle Fr\u00fchaufsteherinnen und Fr\u00fchaufsteher die M\u00f6glichkeit, den Tag sportlich zu beginnen.<\/span><\/h5><h5 style=\"text-align: left;\"><span style=\"font-weight: normal; color: #000000;\"><b>Bewegte Pause<\/b><br \/>Tischtennistische, Wutzler und Ballspiele im Turnsaal motivieren zur Bewegung zwischen den Unterrichtseinheiten.<\/span><\/h5><h5 style=\"text-align: left;\"><span style=\"font-weight: normal; color: #000000;\"><strong>Langlaufen<\/strong><br \/>Eine schuleigene moderne Langlaufausr\u00fcstung erm\u00f6glicht allen Sch\u00fclerinnen und Sch\u00fclern das Erlernen dieser gesunden Sportart.<\/span><\/h5><h5 style=\"text-align: left;\"><span style=\"font-weight: normal; color: #000000;\"><strong>Tag der Bewegung<\/strong><br \/>Jedes Jahr erkl\u00e4rt die Bildungsdirektion Ober\u00f6sterreich einen Tag im April zum \u201eTag der Bewegung\u201c. Alle Sch\u00fclerinnen und Sch\u00fcler der Schule sporteln an diesem Tag zum jeweiligen Jahresthema, denn miteinander macht Bewegung einfach mehr Spa\u00df!<\/span><\/h5><h5 style=\"text-align: left;\"><span style=\"font-weight: normal; color: #000000;\"><strong>Wintersporttage<\/strong><br \/>Abwechslungsreiche Standortschitage werden f\u00fcr die Sch\u00fclerinnen und Sch\u00fcler der 2. Klassen organisiert. An f\u00fcnf Tagen k\u00f6nnen die Kinder im nahegelegenen Schigebiet \u201eDachstein West\u201c eine abwechslungsreiche Schiwoche genie\u00dfen.<\/span><\/h5><h5 style=\"text-align: left;\"><span style=\"font-weight: normal; color: #000000;\"><strong>Sportwoche<\/strong><br \/>In dieser lehrreichen und lustigen Woche besteht f\u00fcr die Sch\u00fclerinnen und Sch\u00fcler die M\u00f6glichkeit, verschiedene Sportarten auszuprobieren.<\/span><\/h5><h5 style=\"text-align: left;\"><span style=\"font-weight: normal; color: #000000;\"><strong>Allround- Schwimmschein<\/strong><br \/>Im Rahmen des regul\u00e4ren Sportunterrichtes k\u00f6nnen die Kinder kostenlos diesen Schwimmschein ablegen.<\/span><\/h5><p><span style=\"color: #000000;\"><strong>Wandertage<\/strong><br \/>Diese bieten den Sch\u00fclerinnen und Sch\u00fclern sowie den Lehrpersonen die M\u00f6glichkeit, sich au\u00dferhalb des gewohnten Klassenfeldes in der frischen Luft zu bewegen, sich besser kennenzulernen und das Sozialgef\u00fcge innerhalb der Klasse zu verbessern.\u00a0<\/span><\/p>\t\t\t\t\t\t<\/div>\n\t\t\t\t<\/div>\n\t\t\t\t<div class=\"elementor-element elementor-element-3fbb4a2 elementor-widget elementor-widget-gallery\" data-id=\"3fbb4a2\" data-element_type=\"widget\" data-settings=\"{&quot;gap&quot;:{&quot;unit&quot;:&quot;px&quot;,&quot;size&quot;:20,&quot;sizes&quot;:[]},&quot;lazyload&quot;:&quot;yes&quot;,&quot;gallery_layout&quot;:&quot;grid&quot;,&quot;columns&quot;:4,&quot;columns_tablet&quot;:2,&quot;columns_mobile&quot;:1,&quot;gap_tablet&quot;:{&quot;unit&quot;:&quot;px&quot;,&quot;size&quot;:10,&quot;sizes&quot;:[]},&quot;gap_mobile&quot;:{&quot;unit&quot;:&quot;px&quot;,&quot;size&quot;:10,&quot;sizes&quot;:[]},&quot;link_to&quot;:&quot;file&quot;,&quot;aspect_ratio&quot;:&quot;3:2&quot;,&quot;overlay_background&quot;:&quot;yes&quot;,&quot;content_hover_animation&quot;:&quot;fade-in&quot;}\" data-widget_type=\"gallery.default\">\n\t\t\t\t<div class=\"elementor-widget-container\">\n\t\t\t\t\t<div class=\"elementor-gallery__container\">\n\t\t\t\t\t\t\t<a class=\"e-gallery-item elementor-gallery-item elementor-animated-content\" href=\"https:\/\/digimittelschule2badgoisern.at\/wp-content\/uploads\/2020\/08\/MB2.jpg\" data-elementor-open-lightbox=\"yes\" data-elementor-lightbox-slideshow=\"3fbb4a2\" data-elementor-lightbox-title=\"MB2\" data-e-action-hash=\"#elementor-action%3Aaction%3Dlightbox%26settings%3DeyJpZCI6MTA4LCJ1cmwiOiJodHRwczpcL1wvZGlnaW1pdHRlbHNjaHVsZTJiYWRnb2lzZXJuLmF0XC93cC1jb250ZW50XC91cGxvYWRzXC8yMDIwXC8wOFwvTUIyLmpwZyIsInNsaWRlc2hvdyI6IjNmYmI0YTIifQ%3D%3D\">\n\t\t\t\t\t<div class=\"e-gallery-image elementor-gallery-item__image\" data-thumbnail=\"https:\/\/digimittelschule2badgoisern.at\/wp-content\/uploads\/2020\/08\/MB2-300x169.jpg\" data-width=\"300\" data-height=\"169\" aria-label=\"\" role=\"img\" ><\/div>\n\t\t\t\t\t\t\t\t\t\t\t<div class=\"elementor-gallery-item__overlay\"><\/div>\n\t\t\t\t\t\t\t\t\t\t\t\t\t\t<\/a>\n\t\t\t\t\t\t\t<a class=\"e-gallery-item elementor-gallery-item elementor-animated-content\" href=\"https:\/\/digimittelschule2badgoisern.at\/wp-content\/uploads\/2020\/08\/Klettern3-scaled.jpg\" data-elementor-open-lightbox=\"yes\" data-elementor-lightbox-slideshow=\"3fbb4a2\" data-elementor-lightbox-title=\"Klettern3\" data-e-action-hash=\"#elementor-action%3Aaction%3Dlightbox%26settings%3DeyJpZCI6MTA2LCJ1cmwiOiJodHRwczpcL1wvZGlnaW1pdHRlbHNjaHVsZTJiYWRnb2lzZXJuLmF0XC93cC1jb250ZW50XC91cGxvYWRzXC8yMDIwXC8wOFwvS2xldHRlcm4zLXNjYWxlZC5qcGciLCJzbGlkZXNob3ciOiIzZmJiNGEyIn0%3D\">\n\t\t\t\t\t<div class=\"e-gallery-image elementor-gallery-item__image\" data-thumbnail=\"https:\/\/digimittelschule2badgoisern.at\/wp-content\/uploads\/2020\/08\/Klettern3-225x300.jpg\" data-width=\"225\" data-height=\"300\" aria-label=\"\" role=\"img\" ><\/div>\n\t\t\t\t\t\t\t\t\t\t\t<div class=\"elementor-gallery-item__overlay\"><\/div>\n\t\t\t\t\t\t\t\t\t\t\t\t\t\t<\/a>\n\t\t\t\t\t\t\t<a class=\"e-gallery-item elementor-gallery-item elementor-animated-content\" href=\"https:\/\/digimittelschule2badgoisern.at\/wp-content\/uploads\/2020\/08\/Goisererhuette_3b-scaled.jpg\" data-elementor-open-lightbox=\"yes\" data-elementor-lightbox-slideshow=\"3fbb4a2\" data-elementor-lightbox-title=\"Goisererh\u00fctte_3b\" data-e-action-hash=\"#elementor-action%3Aaction%3Dlightbox%26settings%3DeyJpZCI6MTAyLCJ1cmwiOiJodHRwczpcL1wvZGlnaW1pdHRlbHNjaHVsZTJiYWRnb2lzZXJuLmF0XC93cC1jb250ZW50XC91cGxvYWRzXC8yMDIwXC8wOFwvR29pc2VyZXJodWV0dGVfM2Itc2NhbGVkLmpwZyIsInNsaWRlc2hvdyI6IjNmYmI0YTIifQ%3D%3D\">\n\t\t\t\t\t<div class=\"e-gallery-image elementor-gallery-item__image\" data-thumbnail=\"https:\/\/digimittelschule2badgoisern.at\/wp-content\/uploads\/2020\/08\/Goisererhuette_3b-300x225.jpg\" data-width=\"300\" data-height=\"225\" aria-label=\"\" role=\"img\" ><\/div>\n\t\t\t\t\t\t\t\t\t\t\t<div class=\"elementor-gallery-item__overlay\"><\/div>\n\t\t\t\t\t\t\t\t\t\t\t\t\t\t<\/a>\n\t\t\t\t\t\t\t<a class=\"e-gallery-item elementor-gallery-item elementor-animated-content\" href=\"https:\/\/digimittelschule2badgoisern.at\/wp-content\/uploads\/2020\/08\/Sportwoche-e1599136226858.jpg\" data-elementor-open-lightbox=\"yes\" data-elementor-lightbox-slideshow=\"3fbb4a2\" data-elementor-lightbox-title=\"Sportwoche\" data-e-action-hash=\"#elementor-action%3Aaction%3Dlightbox%26settings%3DeyJpZCI6MTEyLCJ1cmwiOiJodHRwczpcL1wvZGlnaW1pdHRlbHNjaHVsZTJiYWRnb2lzZXJuLmF0XC93cC1jb250ZW50XC91cGxvYWRzXC8yMDIwXC8wOFwvU3BvcnR3b2NoZS1lMTU5OTEzNjIyNjg1OC5qcGciLCJzbGlkZXNob3ciOiIzZmJiNGEyIn0%3D\">\n\t\t\t\t\t<div class=\"e-gallery-image elementor-gallery-item__image\" data-thumbnail=\"https:\/\/digimittelschule2badgoisern.at\/wp-content\/uploads\/2020\/08\/Sportwoche-e1599136226858-300x261.jpg\" data-width=\"300\" data-height=\"261\" aria-label=\"\" role=\"img\" ><\/div>\n\t\t\t\t\t\t\t\t\t\t\t<div class=\"elementor-gallery-item__overlay\"><\/div>\n\t\t\t\t\t\t\t\t\t\t\t\t\t\t<\/a>\n\t\t\t\t\t<\/div>\n\t\t\t<\/div>\n\t\t\t\t<\/div>\n\t\t\t\t\t<\/div>\n\t\t<\/div>\n\t\t\t\t\t<\/div>\n\t\t<\/section>\n\t\t\t\t<\/div>\n\t\t","protected":false},"excerpt":{"rendered":"<p>Mountainbike F\u00fcr interessierte Sch\u00fclerinnen und Sch\u00fcler besteht die M\u00f6glichkeit, gef\u00fchrte Ausfahrten mit dem Mountainbike zu unternehmen. Die staatlich gepr\u00fcfte Mountainbike-Trainerin und Staatsmeisterin im Downhill Elke Rabeder bietet gemeinsam mit Mountainbike-Trainer Christian Wiesinger eine fachgerechte Schulung im Bereich Fahrtechnik im Gel\u00e4nde an. Klettern Sportklettern hat sich zu einem Trendsport entwickelt und wird an unserer Schule als [&hellip;]<\/p>\n","protected":false},"author":1,"featured_media":0,"parent":0,"menu_order":0,"comment_status":"closed","ping_status":"closed","template":"","meta":{"ocean_post_layout":"","ocean_both_sidebars_style":"","ocean_both_sidebars_content_width":0,"ocean_both_sidebars_sidebars_width":0,"ocean_sidebar":"0","ocean_second_sidebar":"0","ocean_disable_margins":"enable","ocean_add_body_class":"","ocean_shortcode_before_top_bar":"","ocean_shortcode_after_top_bar":"","ocean_shortcode_before_header":"","ocean_shortcode_after_header":"","ocean_has_shortcode":"","ocean_shortcode_after_title":"","ocean_shortcode_before_footer_widgets":"","ocean_shortcode_after_footer_widgets":"","ocean_shortcode_before_footer_bottom":"","ocean_shortcode_after_footer_bottom":"","ocean_display_top_bar":"default","ocean_display_header":"default","ocean_header_style":"","ocean_center_header_left_menu":"0","ocean_custom_header_template":"0","ocean_custom_logo":0,"ocean_custom_retina_logo":0,"ocean_custom_logo_max_width":0,"ocean_custom_logo_tablet_max_width":0,"ocean_custom_logo_mobile_max_width":0,"ocean_custom_logo_max_height":0,"ocean_custom_logo_tablet_max_height":0,"ocean_custom_logo_mobile_max_height":0,"ocean_header_custom_menu":"0","ocean_menu_typo_font_family":"0","ocean_menu_typo_font_subset":"","ocean_menu_typo_font_size":0,"ocean_menu_typo_font_size_tablet":0,"ocean_menu_typo_font_size_mobile":0,"ocean_menu_typo_font_size_unit":"px","ocean_menu_typo_font_weight":"","ocean_menu_typo_font_weight_tablet":"","ocean_menu_typo_font_weight_mobile":"","ocean_menu_typo_transform":"","ocean_menu_typo_transform_tablet":"","ocean_menu_typo_transform_mobile":"","ocean_menu_typo_line_height":0,"ocean_menu_typo_line_height_tablet":0,"ocean_menu_typo_line_height_mobile":0,"ocean_menu_typo_line_height_unit":"","ocean_menu_typo_spacing":0,"ocean_menu_typo_spacing_tablet":0,"ocean_menu_typo_spacing_mobile":0,"ocean_menu_typo_spacing_unit":"","ocean_menu_link_color":"","ocean_menu_link_color_hover":"","ocean_menu_link_color_active":"","ocean_menu_link_background":"","ocean_menu_link_hover_background":"","ocean_menu_link_active_background":"","ocean_menu_social_links_bg":"","ocean_menu_social_hover_links_bg":"","ocean_menu_social_links_color":"","ocean_menu_social_hover_links_color":"","ocean_disable_title":"default","ocean_disable_heading":"default","ocean_post_title":"","ocean_post_subheading":"","ocean_post_title_style":"","ocean_post_title_background_color":"","ocean_post_title_background":0,"ocean_post_title_bg_image_position":"","ocean_post_title_bg_image_attachment":"","ocean_post_title_bg_image_repeat":"","ocean_post_title_bg_image_size":"","ocean_post_title_height":0,"ocean_post_title_bg_overlay":0.5,"ocean_post_title_bg_overlay_color":"","ocean_disable_breadcrumbs":"default","ocean_breadcrumbs_color":"","ocean_breadcrumbs_separator_color":"","ocean_breadcrumbs_links_color":"","ocean_breadcrumbs_links_hover_color":"","ocean_display_footer_widgets":"default","ocean_display_footer_bottom":"default","ocean_custom_footer_template":"0","footnotes":""},"class_list":["post-45","page","type-page","status-publish","hentry","entry"],"_links":{"self":[{"href":"https:\/\/digimittelschule2badgoisern.at\/index.php?rest_route=\/wp\/v2\/pages\/45","targetHints":{"allow":["GET"]}}],"collection":[{"href":"https:\/\/digimittelschule2badgoisern.at\/index.php?rest_route=\/wp\/v2\/pages"}],"about":[{"href":"https:\/\/digimittelschule2badgoisern.at\/index.php?rest_route=\/wp\/v2\/types\/page"}],"author":[{"embeddable":true,"href":"https:\/\/digimittelschule2badgoisern.at\/index.php?rest_route=\/wp\/v2\/users\/1"}],"replies":[{"embeddable":true,"href":"https:\/\/digimittelschule2badgoisern.at\/index.php?rest_route=%2Fwp%2Fv2%2Fcomments&post=45"}],"version-history":[{"count":53,"href":"https:\/\/digimittelschule2badgoisern.at\/index.php?rest_route=\/wp\/v2\/pages\/45\/revisions"}],"predecessor-version":[{"id":4780,"href":"https:\/\/digimittelschule2badgoisern.at\/index.php?rest_route=\/wp\/v2\/pages\/45\/revisions\/4780"}],"wp:attachment":[{"href":"https:\/\/digimittelschule2badgoisern.at\/index.php?rest_route=%2Fwp%2Fv2%2Fmedia&parent=45"}],"curies":[{"name":"wp","href":"https:\/\/api.w.org\/{rel}","templated":true}]}}